{"id":1066,"date":"2025-11-16T22:25:33","date_gmt":"2025-11-16T21:25:33","guid":{"rendered":"https:\/\/lasuze-catholique.fr\/?page_id=1066"},"modified":"2025-12-02T14:23:14","modified_gmt":"2025-12-02T13:23:14","slug":"souligne-flace","status":"publish","type":"page","link":"https:\/\/lasuze-catholique.fr\/?page_id=1066","title":{"rendered":"Soulign\u00e9-Flac\u00e9"},"content":{"rendered":"\n<p><\/p>\n\n\n\n<h2 class=\"wp-block-heading\">Eglise paroissiale saint-Rigomer<\/h2>\n\n\n\n<figure class=\"wp-block-image size-large\"><img loading=\"lazy\" decoding=\"async\" width=\"1024\" height=\"768\" src=\"https:\/\/lasuze-catholique.fr\/wp-content\/uploads\/2025\/11\/IMG_6294-1024x768.jpeg\" alt=\"\" class=\"wp-image-1076\" srcset=\"https:\/\/lasuze-catholique.fr\/wp-content\/uploads\/2025\/11\/IMG_6294-1024x768.jpeg 1024w, https:\/\/lasuze-catholique.fr\/wp-content\/uploads\/2025\/11\/IMG_6294-300x225.jpeg 300w, https:\/\/lasuze-catholique.fr\/wp-content\/uploads\/2025\/11\/IMG_6294-768x576.jpeg 768w, https:\/\/lasuze-catholique.fr\/wp-content\/uploads\/2025\/11\/IMG_6294-1536x1152.jpeg 1536w, https:\/\/lasuze-catholique.fr\/wp-content\/uploads\/2025\/11\/IMG_6294-2048x1536.jpeg 2048w\" sizes=\"auto, (max-width: 1024px) 100vw, 1024px\" \/><\/figure>\n\n\n\n<figure class=\"wp-block-image size-large\"><img loading=\"lazy\" decoding=\"async\" width=\"768\" height=\"1024\" src=\"https:\/\/lasuze-catholique.fr\/wp-content\/uploads\/2025\/11\/IMG_3839-768x1024.jpeg\" alt=\"\" class=\"wp-image-1075\" srcset=\"https:\/\/lasuze-catholique.fr\/wp-content\/uploads\/2025\/11\/IMG_3839-768x1024.jpeg 768w, https:\/\/lasuze-catholique.fr\/wp-content\/uploads\/2025\/11\/IMG_3839-225x300.jpeg 225w, https:\/\/lasuze-catholique.fr\/wp-content\/uploads\/2025\/11\/IMG_3839-1152x1536.jpeg 1152w, https:\/\/lasuze-catholique.fr\/wp-content\/uploads\/2025\/11\/IMG_3839-1536x2048.jpeg 1536w, https:\/\/lasuze-catholique.fr\/wp-content\/uploads\/2025\/11\/IMG_3839-scaled.jpeg 1920w\" sizes=\"auto, (max-width: 768px) 100vw, 768px\" \/><\/figure>\n\n\n\n<figure class=\"wp-block-image size-large\"><img loading=\"lazy\" decoding=\"async\" width=\"1024\" height=\"768\" src=\"https:\/\/lasuze-catholique.fr\/wp-content\/uploads\/2025\/11\/IMG_6291-1024x768.jpeg\" alt=\"\" class=\"wp-image-1077\" srcset=\"https:\/\/lasuze-catholique.fr\/wp-content\/uploads\/2025\/11\/IMG_6291-1024x768.jpeg 1024w, https:\/\/lasuze-catholique.fr\/wp-content\/uploads\/2025\/11\/IMG_6291-300x225.jpeg 300w, https:\/\/lasuze-catholique.fr\/wp-content\/uploads\/2025\/11\/IMG_6291-768x576.jpeg 768w, https:\/\/lasuze-catholique.fr\/wp-content\/uploads\/2025\/11\/IMG_6291-1536x1152.jpeg 1536w, https:\/\/lasuze-catholique.fr\/wp-content\/uploads\/2025\/11\/IMG_6291-2048x1536.jpeg 2048w\" sizes=\"auto, (max-width: 1024px) 100vw, 1024px\" \/><\/figure>\n\n\n\n<figure class=\"wp-block-image size-large\"><img loading=\"lazy\" decoding=\"async\" width=\"768\" height=\"1024\" src=\"https:\/\/lasuze-catholique.fr\/wp-content\/uploads\/2025\/11\/IMG_3841-768x1024.jpeg\" alt=\"\" class=\"wp-image-1078\" srcset=\"https:\/\/lasuze-catholique.fr\/wp-content\/uploads\/2025\/11\/IMG_3841-768x1024.jpeg 768w, https:\/\/lasuze-catholique.fr\/wp-content\/uploads\/2025\/11\/IMG_3841-225x300.jpeg 225w, https:\/\/lasuze-catholique.fr\/wp-content\/uploads\/2025\/11\/IMG_3841-1152x1536.jpeg 1152w, https:\/\/lasuze-catholique.fr\/wp-content\/uploads\/2025\/11\/IMG_3841-1536x2048.jpeg 1536w, https:\/\/lasuze-catholique.fr\/wp-content\/uploads\/2025\/11\/IMG_3841-scaled.jpeg 1920w\" sizes=\"auto, (max-width: 768px) 100vw, 768px\" \/><\/figure>\n\n\n\n<figure class=\"wp-block-image size-large\"><img loading=\"lazy\" decoding=\"async\" width=\"1024\" height=\"726\" src=\"https:\/\/lasuze-catholique.fr\/wp-content\/uploads\/2025\/11\/IMG_9617-1024x726.jpeg\" alt=\"\" class=\"wp-image-1068\" srcset=\"https:\/\/lasuze-catholique.fr\/wp-content\/uploads\/2025\/11\/IMG_9617-1024x726.jpeg 1024w, https:\/\/lasuze-catholique.fr\/wp-content\/uploads\/2025\/11\/IMG_9617-300x213.jpeg 300w, https:\/\/lasuze-catholique.fr\/wp-content\/uploads\/2025\/11\/IMG_9617-768x545.jpeg 768w, https:\/\/lasuze-catholique.fr\/wp-content\/uploads\/2025\/11\/IMG_9617-1536x1089.jpeg 1536w, https:\/\/lasuze-catholique.fr\/wp-content\/uploads\/2025\/11\/IMG_9617-2048x1452.jpeg 2048w\" sizes=\"auto, (max-width: 1024px) 100vw, 1024px\" \/><\/figure>\n\n\n\n<figure class=\"wp-block-image size-large\"><img loading=\"lazy\" decoding=\"async\" width=\"1024\" height=\"707\" src=\"https:\/\/lasuze-catholique.fr\/wp-content\/uploads\/2025\/11\/IMG_9618-1024x707.jpeg\" alt=\"\" class=\"wp-image-1069\" srcset=\"https:\/\/lasuze-catholique.fr\/wp-content\/uploads\/2025\/11\/IMG_9618-1024x707.jpeg 1024w, https:\/\/lasuze-catholique.fr\/wp-content\/uploads\/2025\/11\/IMG_9618-300x207.jpeg 300w, https:\/\/lasuze-catholique.fr\/wp-content\/uploads\/2025\/11\/IMG_9618-768x530.jpeg 768w, https:\/\/lasuze-catholique.fr\/wp-content\/uploads\/2025\/11\/IMG_9618-1536x1061.jpeg 1536w, https:\/\/lasuze-catholique.fr\/wp-content\/uploads\/2025\/11\/IMG_9618-2048x1414.jpeg 2048w\" sizes=\"auto, (max-width: 1024px) 100vw, 1024px\" \/><\/figure>\n\n\n\n<figure class=\"wp-block-image size-large\"><img loading=\"lazy\" decoding=\"async\" width=\"1024\" height=\"774\" src=\"https:\/\/lasuze-catholique.fr\/wp-content\/uploads\/2025\/11\/IMG_9619-1024x774.jpeg\" alt=\"\" class=\"wp-image-1070\" srcset=\"https:\/\/lasuze-catholique.fr\/wp-content\/uploads\/2025\/11\/IMG_9619-1024x774.jpeg 1024w, https:\/\/lasuze-catholique.fr\/wp-content\/uploads\/2025\/11\/IMG_9619-300x227.jpeg 300w, https:\/\/lasuze-catholique.fr\/wp-content\/uploads\/2025\/11\/IMG_9619-768x580.jpeg 768w, https:\/\/lasuze-catholique.fr\/wp-content\/uploads\/2025\/11\/IMG_9619-1536x1160.jpeg 1536w, https:\/\/lasuze-catholique.fr\/wp-content\/uploads\/2025\/11\/IMG_9619-2048x1547.jpeg 2048w\" sizes=\"auto, (max-width: 1024px) 100vw, 1024px\" \/><\/figure>\n\n\n\n<figure class=\"wp-block-image size-large\"><img loading=\"lazy\" decoding=\"async\" width=\"740\" height=\"1024\" src=\"https:\/\/lasuze-catholique.fr\/wp-content\/uploads\/2025\/11\/IMG_9621-740x1024.jpeg\" alt=\"\" class=\"wp-image-1071\" srcset=\"https:\/\/lasuze-catholique.fr\/wp-content\/uploads\/2025\/11\/IMG_9621-740x1024.jpeg 740w, https:\/\/lasuze-catholique.fr\/wp-content\/uploads\/2025\/11\/IMG_9621-217x300.jpeg 217w, https:\/\/lasuze-catholique.fr\/wp-content\/uploads\/2025\/11\/IMG_9621-768x1063.jpeg 768w, https:\/\/lasuze-catholique.fr\/wp-content\/uploads\/2025\/11\/IMG_9621-1109x1536.jpeg 1109w, https:\/\/lasuze-catholique.fr\/wp-content\/uploads\/2025\/11\/IMG_9621-1479x2048.jpeg 1479w, https:\/\/lasuze-catholique.fr\/wp-content\/uploads\/2025\/11\/IMG_9621-scaled.jpeg 1849w\" sizes=\"auto, (max-width: 740px) 100vw, 740px\" \/><\/figure>\n\n\n\n<figure class=\"wp-block-image size-large\"><img loading=\"lazy\" decoding=\"async\" width=\"872\" height=\"1024\" src=\"https:\/\/lasuze-catholique.fr\/wp-content\/uploads\/2025\/11\/IMG_9622-872x1024.jpeg\" alt=\"\" class=\"wp-image-1072\" srcset=\"https:\/\/lasuze-catholique.fr\/wp-content\/uploads\/2025\/11\/IMG_9622-872x1024.jpeg 872w, https:\/\/lasuze-catholique.fr\/wp-content\/uploads\/2025\/11\/IMG_9622-255x300.jpeg 255w, https:\/\/lasuze-catholique.fr\/wp-content\/uploads\/2025\/11\/IMG_9622-768x902.jpeg 768w, https:\/\/lasuze-catholique.fr\/wp-content\/uploads\/2025\/11\/IMG_9622-1308x1536.jpeg 1308w, https:\/\/lasuze-catholique.fr\/wp-content\/uploads\/2025\/11\/IMG_9622-1744x2048.jpeg 1744w\" sizes=\"auto, (max-width: 872px) 100vw, 872px\" \/><\/figure>\n\n\n\n<figure class=\"wp-block-image size-large\"><img loading=\"lazy\" decoding=\"async\" width=\"731\" height=\"1024\" src=\"https:\/\/lasuze-catholique.fr\/wp-content\/uploads\/2025\/11\/IMG_9626-731x1024.jpeg\" alt=\"\" class=\"wp-image-1073\" srcset=\"https:\/\/lasuze-catholique.fr\/wp-content\/uploads\/2025\/11\/IMG_9626-731x1024.jpeg 731w, https:\/\/lasuze-catholique.fr\/wp-content\/uploads\/2025\/11\/IMG_9626-214x300.jpeg 214w, https:\/\/lasuze-catholique.fr\/wp-content\/uploads\/2025\/11\/IMG_9626-768x1076.jpeg 768w, https:\/\/lasuze-catholique.fr\/wp-content\/uploads\/2025\/11\/IMG_9626-1097x1536.jpeg 1097w, https:\/\/lasuze-catholique.fr\/wp-content\/uploads\/2025\/11\/IMG_9626-1462x2048.jpeg 1462w, https:\/\/lasuze-catholique.fr\/wp-content\/uploads\/2025\/11\/IMG_9626.jpeg 1518w\" sizes=\"auto, (max-width: 731px) 100vw, 731px\" \/><\/figure>\n\n\n\n<figure class=\"wp-block-image size-large\"><img loading=\"lazy\" decoding=\"async\" width=\"1024\" height=\"723\" src=\"https:\/\/lasuze-catholique.fr\/wp-content\/uploads\/2025\/11\/IMG_9633-1024x723.jpeg\" alt=\"\" class=\"wp-image-1074\" srcset=\"https:\/\/lasuze-catholique.fr\/wp-content\/uploads\/2025\/11\/IMG_9633-1024x723.jpeg 1024w, https:\/\/lasuze-catholique.fr\/wp-content\/uploads\/2025\/11\/IMG_9633-300x212.jpeg 300w, https:\/\/lasuze-catholique.fr\/wp-content\/uploads\/2025\/11\/IMG_9633-768x542.jpeg 768w, https:\/\/lasuze-catholique.fr\/wp-content\/uploads\/2025\/11\/IMG_9633-1536x1085.jpeg 1536w, https:\/\/lasuze-catholique.fr\/wp-content\/uploads\/2025\/11\/IMG_9633-2048x1447.jpeg 2048w\" sizes=\"auto, (max-width: 1024px) 100vw, 1024px\" \/><\/figure>\n\n\n\n<figure class=\"wp-block-image\"><img decoding=\"async\" src=\"https:\/\/scontent.fcdg4-1.fna.fbcdn.net\/v\/t39.30808-6\/593553268_1266097778892521_4152743257204227938_n.jpg?stp=dst-jpg_s1080x2048_tt6&amp;_nc_cat=100&amp;ccb=1-7&amp;_nc_sid=833d8c&amp;_nc_ohc=EJq-BfVQ6ocQ7kNvwHBFh3V&amp;_nc_oc=AdkKCaqd4t9k7RTThvOk4MOyB0CChKkNvfT421zkh8Zqfo3eDm0J0wANmALsTHywKfo&amp;_nc_zt=23&amp;_nc_ht=scontent.fcdg4-1.fna&amp;_nc_gid=j9N9qCNGeK-O1nTO9zz9lw&amp;oh=00_AflZ9sHLqo_uNPOOnlMqqPPg8XrhS0yXeYfvTZG43Drz3w&amp;oe=6934AA04\" alt=\"Peut \u00eatre une image de bougeoir\"\/><\/figure>\n\n\n\n<div style=\"height:101px\" aria-hidden=\"true\" class=\"wp-block-spacer\"><\/div>\n\n\n\n<hr class=\"wp-block-separator has-alpha-channel-opacity\"\/>\n\n\n\n<h2 class=\"wp-block-heading\">Chapelle saint Jean-Baptiste de Flac\u00e9<\/h2>\n\n\n\n<p>La chapelle est propri\u00e9t\u00e9 de l&rsquo;Association des Amis de la chapelle de Flac\u00e9.<\/p>\n\n\n\n<figure class=\"wp-block-image size-large\"><img loading=\"lazy\" decoding=\"async\" width=\"1024\" height=\"768\" src=\"https:\/\/lasuze-catholique.fr\/wp-content\/uploads\/2025\/11\/IMG_3837-1024x768.jpeg\" alt=\"\" class=\"wp-image-1079\" srcset=\"https:\/\/lasuze-catholique.fr\/wp-content\/uploads\/2025\/11\/IMG_3837-1024x768.jpeg 1024w, https:\/\/lasuze-catholique.fr\/wp-content\/uploads\/2025\/11\/IMG_3837-300x225.jpeg 300w, https:\/\/lasuze-catholique.fr\/wp-content\/uploads\/2025\/11\/IMG_3837-768x576.jpeg 768w, https:\/\/lasuze-catholique.fr\/wp-content\/uploads\/2025\/11\/IMG_3837-1536x1152.jpeg 1536w, https:\/\/lasuze-catholique.fr\/wp-content\/uploads\/2025\/11\/IMG_3837-2048x1536.jpeg 2048w\" sizes=\"auto, (max-width: 1024px) 100vw, 1024px\" \/><\/figure>\n\n\n\n<figure class=\"wp-block-image size-large\"><img loading=\"lazy\" decoding=\"async\" width=\"1024\" height=\"768\" src=\"https:\/\/lasuze-catholique.fr\/wp-content\/uploads\/2025\/11\/IMG_7123-1024x768.jpeg\" alt=\"\" class=\"wp-image-1080\" srcset=\"https:\/\/lasuze-catholique.fr\/wp-content\/uploads\/2025\/11\/IMG_7123-1024x768.jpeg 1024w, https:\/\/lasuze-catholique.fr\/wp-content\/uploads\/2025\/11\/IMG_7123-300x225.jpeg 300w, https:\/\/lasuze-catholique.fr\/wp-content\/uploads\/2025\/11\/IMG_7123-768x576.jpeg 768w, https:\/\/lasuze-catholique.fr\/wp-content\/uploads\/2025\/11\/IMG_7123-1536x1152.jpeg 1536w, https:\/\/lasuze-catholique.fr\/wp-content\/uploads\/2025\/11\/IMG_7123-2048x1536.jpeg 2048w\" sizes=\"auto, (max-width: 1024px) 100vw, 1024px\" \/><\/figure>\n\n\n\n<figure class=\"wp-block-image size-large\"><img loading=\"lazy\" decoding=\"async\" width=\"1024\" height=\"768\" src=\"https:\/\/lasuze-catholique.fr\/wp-content\/uploads\/2025\/11\/IMG_7268-1024x768.jpeg\" alt=\"\" class=\"wp-image-1081\" srcset=\"https:\/\/lasuze-catholique.fr\/wp-content\/uploads\/2025\/11\/IMG_7268-1024x768.jpeg 1024w, https:\/\/lasuze-catholique.fr\/wp-content\/uploads\/2025\/11\/IMG_7268-300x225.jpeg 300w, https:\/\/lasuze-catholique.fr\/wp-content\/uploads\/2025\/11\/IMG_7268-768x576.jpeg 768w, https:\/\/lasuze-catholique.fr\/wp-content\/uploads\/2025\/11\/IMG_7268-1536x1152.jpeg 1536w, https:\/\/lasuze-catholique.fr\/wp-content\/uploads\/2025\/11\/IMG_7268-2048x1536.jpeg 2048w\" sizes=\"auto, (max-width: 1024px) 100vw, 1024px\" \/><\/figure>\n\n\n\n<figure class=\"wp-block-image size-large\"><img loading=\"lazy\" decoding=\"async\" width=\"1024\" height=\"607\" src=\"https:\/\/lasuze-catholique.fr\/wp-content\/uploads\/2025\/11\/IMG_3838-1024x607.jpeg\" alt=\"\" class=\"wp-image-1082\" srcset=\"https:\/\/lasuze-catholique.fr\/wp-content\/uploads\/2025\/11\/IMG_3838-1024x607.jpeg 1024w, https:\/\/lasuze-catholique.fr\/wp-content\/uploads\/2025\/11\/IMG_3838-300x178.jpeg 300w, https:\/\/lasuze-catholique.fr\/wp-content\/uploads\/2025\/11\/IMG_3838-768x455.jpeg 768w, https:\/\/lasuze-catholique.fr\/wp-content\/uploads\/2025\/11\/IMG_3838-1536x910.jpeg 1536w, https:\/\/lasuze-catholique.fr\/wp-content\/uploads\/2025\/11\/IMG_3838-2048x1213.jpeg 2048w\" sizes=\"auto, (max-width: 1024px) 100vw, 1024px\" \/><\/figure>\n\n\n\n<p>Une messe y est habituellement c\u00e9l\u00e9br\u00e9e en juin.<\/p>\n","protected":false},"excerpt":{"rendered":"<p>Eglise paroissiale saint-Rigomer Chapelle saint Jean-Baptiste de Flac\u00e9 La chapelle est propri\u00e9t\u00e9 de l&rsquo;Association des Amis de la chapelle de Flac\u00e9. Une messe y est habituellement c\u00e9l\u00e9br\u00e9e en juin.<\/p>\n","protected":false},"author":2,"featured_media":0,"parent":0,"menu_order":0,"comment_status":"closed","ping_status":"closed","template":"","meta":{"footnotes":""},"class_list":["post-1066","page","type-page","status-publish","hentry"],"_links":{"self":[{"href":"https:\/\/lasuze-catholique.fr\/index.php?rest_route=\/wp\/v2\/pages\/1066","targetHints":{"allow":["GET"]}}],"collection":[{"href":"https:\/\/lasuze-catholique.fr\/index.php?rest_route=\/wp\/v2\/pages"}],"about":[{"href":"https:\/\/lasuze-catholique.fr\/index.php?rest_route=\/wp\/v2\/types\/page"}],"author":[{"embeddable":true,"href":"https:\/\/lasuze-catholique.fr\/index.php?rest_route=\/wp\/v2\/users\/2"}],"replies":[{"embeddable":true,"href":"https:\/\/lasuze-catholique.fr\/index.php?rest_route=%2Fwp%2Fv2%2Fcomments&post=1066"}],"version-history":[{"count":4,"href":"https:\/\/lasuze-catholique.fr\/index.php?rest_route=\/wp\/v2\/pages\/1066\/revisions"}],"predecessor-version":[{"id":1122,"href":"https:\/\/lasuze-catholique.fr\/index.php?rest_route=\/wp\/v2\/pages\/1066\/revisions\/1122"}],"wp:attachment":[{"href":"https:\/\/lasuze-catholique.fr\/index.php?rest_route=%2Fwp%2Fv2%2Fmedia&parent=1066"}],"curies":[{"name":"wp","href":"https:\/\/api.w.org\/{rel}","templated":true}]}}