{"id":171,"date":"2024-08-07T10:43:20","date_gmt":"2024-08-07T08:43:20","guid":{"rendered":"https:\/\/lasuze-catholique.fr\/?page_id=171"},"modified":"2026-02-07T10:35:59","modified_gmt":"2026-02-07T09:35:59","slug":"qui-sommes-nous","status":"publish","type":"page","link":"https:\/\/lasuze-catholique.fr\/?page_id=171","title":{"rendered":"Qui sommes-nous ?"},"content":{"rendered":"\n<figure class=\"wp-block-image size-large\"><img loading=\"lazy\" decoding=\"async\" width=\"1024\" height=\"1024\" src=\"https:\/\/lasuze-catholique.fr\/wp-content\/uploads\/2024\/09\/IMG_4296-1024x1024.jpg\" alt=\"\" class=\"wp-image-401\" srcset=\"https:\/\/lasuze-catholique.fr\/wp-content\/uploads\/2024\/09\/IMG_4296-1024x1024.jpg 1024w, https:\/\/lasuze-catholique.fr\/wp-content\/uploads\/2024\/09\/IMG_4296-300x300.jpg 300w, https:\/\/lasuze-catholique.fr\/wp-content\/uploads\/2024\/09\/IMG_4296-150x150.jpg 150w, https:\/\/lasuze-catholique.fr\/wp-content\/uploads\/2024\/09\/IMG_4296-768x768.jpg 768w, https:\/\/lasuze-catholique.fr\/wp-content\/uploads\/2024\/09\/IMG_4296-1536x1536.jpg 1536w, https:\/\/lasuze-catholique.fr\/wp-content\/uploads\/2024\/09\/IMG_4296.jpg 2048w\" sizes=\"auto, (max-width: 1024px) 100vw, 1024px\" \/><\/figure>\n\n\n\n<div class=\"wp-block-group alignfull has-accent-2-background-color has-background has-global-padding is-layout-constrained wp-container-core-group-is-layout-669513ed wp-block-group-is-layout-constrained\" style=\"margin-top:0;margin-bottom:0;padding-top:var(--wp--preset--spacing--50);padding-right:var(--wp--preset--spacing--50);padding-bottom:var(--wp--preset--spacing--50);padding-left:var(--wp--preset--spacing--50)\">\n<h2 class=\"wp-block-heading has-text-align-center has-xx-large-font-size\" style=\"font-style:normal;font-weight:600\"><mark style=\"background-color:rgba(0, 0, 0, 0)\" class=\"has-inline-color has-accent-color\">Une paroisse qui r\u00e9unit les chr\u00e9tiens de 17 communes<\/mark><\/h2>\n\n\n\n<div class=\"wp-block-columns alignwide is-layout-flex wp-container-core-columns-is-layout-1da03c2a wp-block-columns-is-layout-flex\">\n<div class=\"wp-block-column is-vertically-aligned-stretch is-layout-flow wp-block-column-is-layout-flow\" style=\"flex-basis:50%\">\n<div class=\"wp-block-group is-vertical is-content-justification-stretch is-layout-flex wp-container-core-group-is-layout-444d5ee8 wp-block-group-is-layout-flex\" style=\"min-height:100%\">\n<p class=\"has-medium-font-size\"><strong>La paroisse Notre-Dame de La Suze<\/strong> est compos\u00e9e des communes suivantes :<\/p>\n\n\n\n<p><strong>La Suze-sur-Sarthe<\/strong> \u2013 <a href=\"https:\/\/lasuze-catholique.fr\/?page_id=297\" data-type=\"page\" data-id=\"297\">Saint-Jean-du-Bois<\/a> \u2013 <a href=\"https:\/\/lasuze-catholique.fr\/?page_id=303\" data-type=\"page\" data-id=\"303\">Ferc\u00e9-sur-Sarthe<\/a><\/p>\n\n\n\n<p><strong>Fill\u00e9-sur-Sarthe<\/strong> \u2013 <a href=\"https:\/\/lasuze-catholique.fr\/?page_id=601\" data-type=\"page\" data-id=\"601\">Gu\u00e9c\u00e9lard<\/a> \u2013 <a href=\"https:\/\/lasuze-catholique.fr\/?page_id=607\" data-type=\"page\" data-id=\"607\">Spay<\/a> \u2013 Parign\u00e9-le-P\u00f4lin<\/p>\n\n\n\n<p><strong>C\u00e9rans-Foulletourte<\/strong> \u2013 La Fontaine-Saint-Martin \u2013 Oiz\u00e9 \u2013 Yvr\u00e9-le-P\u00f4lin <\/p>\n\n\n\n<p><strong>Louplande<\/strong> \u2013 Chemir\u00e9-le-Gaudin \u2013 \u00c9tival \u2013<a href=\"https:\/\/lasuze-catholique.fr\/?page_id=1066\" data-type=\"page\" data-id=\"1066\">Soulign\u00e9-Flac\u00e9<\/a> \u2013 <a href=\"https:\/\/lasuze-catholique.fr\/?page_id=435\" data-type=\"page\" data-id=\"435\">Voivres-l\u00e8s-Le-Mans<\/a><\/p>\n\n\n\n<p><strong>Ro\u00ebz\u00e9<\/strong>.<\/p>\n\n\n\n<p>Cette paroisse est desservie par le m\u00eame cur\u00e9, la m\u00eame Equipe d&rsquo;Animation Paroissiale et le m\u00eame Conseil Economique. Elle fait partie du <a href=\"https:\/\/www.sarthecatholique.fr\">Dioc\u00e8se du Mans<\/a> au sein de l&rsquo;Eglise Catholique. <\/p>\n\n\n\n<p>Les communes sont propri\u00e9taires des 20 \u00e9glises paroissiales et ont la charge de l&rsquo;entretien des b\u00e2timents.<\/p>\n<\/div>\n<\/div>\n\n\n\n<div class=\"wp-block-column is-vertically-aligned-center is-layout-flow wp-block-column-is-layout-flow\" style=\"flex-basis:50%\">\n<figure class=\"wp-block-image size-full is-style-rounded is-style-rounded--1\"><img loading=\"lazy\" decoding=\"async\" width=\"463\" height=\"610\" src=\"https:\/\/lasuze-catholique.fr\/wp-content\/uploads\/2024\/08\/Capture-decran-2024-08-07-a-09.36.55.png\" alt=\"\" class=\"wp-image-172\" style=\"aspect-ratio:3\/4;object-fit:cover\" srcset=\"https:\/\/lasuze-catholique.fr\/wp-content\/uploads\/2024\/08\/Capture-decran-2024-08-07-a-09.36.55.png 463w, https:\/\/lasuze-catholique.fr\/wp-content\/uploads\/2024\/08\/Capture-decran-2024-08-07-a-09.36.55-228x300.png 228w\" sizes=\"auto, (max-width: 463px) 100vw, 463px\" \/><\/figure>\n<\/div>\n<\/div>\n<\/div>\n\n\n\n<div class=\"wp-block-group alignfull has-global-padding is-layout-constrained wp-container-core-group-is-layout-669513ed wp-block-group-is-layout-constrained\" style=\"margin-top:0;margin-bottom:0;padding-top:var(--wp--preset--spacing--50);padding-right:var(--wp--preset--spacing--50);padding-bottom:var(--wp--preset--spacing--50);padding-left:var(--wp--preset--spacing--50)\">\n<div class=\"wp-block-group is-vertical is-content-justification-center is-layout-flex wp-container-core-group-is-layout-ce155fab wp-block-group-is-layout-flex\">\n<h2 class=\"wp-block-heading has-text-align-center has-xx-large-font-size\" style=\"font-style:normal;font-weight:600\"><mark style=\"background-color:rgba(0, 0, 0, 0)\" class=\"has-inline-color has-accent-color\">Le cur\u00e9<\/mark><\/h2>\n\n\n\n<p class=\"has-text-align-center\">A l&rsquo;image du Christ, Bon Pasteur, les pr\u00eatres sont \u00e0 votre \u00e9coute et votre service. Ils c\u00e9l\u00e8brent notamment les sacrements transmettant ainsi la gr\u00e2ce, le soutien de Dieu \u00e0 chacun. Ils prient pour vous et veulent \u00eatre attentifs aux plus fragiles.<\/p>\n<\/div>\n\n\n\n<blockquote class=\"wp-block-quote is-layout-flow wp-block-quote-is-layout-flow\">\n<p>\u00ab\u00a0chaque fois que vous l\u2019avez fait \u00e0 l\u2019un de ces plus petits de mes fr\u00e8res, c\u2019est \u00e0 moi que vous l\u2019avez fait\u00a0\u00bb (Mt 25,40)<\/p>\n<\/blockquote>\n\n\n\n<div style=\"height:var(--wp--preset--spacing--30)\" aria-hidden=\"true\" class=\"wp-block-spacer\"><\/div>\n\n\n\n<figure class=\"wp-block-image size-full is-resized has-custom-border is-style-default\" style=\"margin-top:0;margin-bottom:0\"><img loading=\"lazy\" decoding=\"async\" width=\"943\" height=\"1676\" src=\"https:\/\/lasuze-catholique.fr\/wp-content\/uploads\/2024\/08\/IMG_3081.jpg\" alt=\"\" class=\"wp-image-166\" style=\"border-style:none;border-width:0px;border-top-left-radius:100px;border-top-right-radius:100px;border-bottom-left-radius:100px;border-bottom-right-radius:100px;aspect-ratio:1;object-fit:contain;width:169px;height:auto\" srcset=\"https:\/\/lasuze-catholique.fr\/wp-content\/uploads\/2024\/08\/IMG_3081.jpg 943w, https:\/\/lasuze-catholique.fr\/wp-content\/uploads\/2024\/08\/IMG_3081-169x300.jpg 169w, https:\/\/lasuze-catholique.fr\/wp-content\/uploads\/2024\/08\/IMG_3081-576x1024.jpg 576w, https:\/\/lasuze-catholique.fr\/wp-content\/uploads\/2024\/08\/IMG_3081-768x1365.jpg 768w, https:\/\/lasuze-catholique.fr\/wp-content\/uploads\/2024\/08\/IMG_3081-864x1536.jpg 864w\" sizes=\"auto, (max-width: 943px) 100vw, 943px\" \/><\/figure>\n\n\n\n<p class=\"has-text-align-center has-small-font-size\"><strong>Abb\u00e9 Marc ISNARD<\/strong><\/p>\n\n\n\n<p class=\"has-text-align-center has-small-font-size\">Cur\u00e9<\/p>\n<\/div>\n\n\n\n<div class=\"wp-block-group alignfull has-accent-2-background-color has-background has-global-padding is-layout-constrained wp-container-core-group-is-layout-669513ed wp-block-group-is-layout-constrained\" style=\"margin-top:0;margin-bottom:0;padding-top:var(--wp--preset--spacing--50);padding-right:var(--wp--preset--spacing--50);padding-bottom:var(--wp--preset--spacing--50);padding-left:var(--wp--preset--spacing--50)\">\n<div class=\"wp-block-group is-vertical is-content-justification-center is-layout-flex wp-container-core-group-is-layout-ce155fab wp-block-group-is-layout-flex\">\n<h2 class=\"wp-block-heading has-text-align-center has-xx-large-font-size\" style=\"font-style:normal;font-weight:600\"><mark style=\"background-color:rgba(0, 0, 0, 0)\" class=\"has-inline-color has-accent-color\">L&rsquo;Equipe d&rsquo;Animation Pastorale (EAP)<\/mark><\/h2>\n\n\n\n<p class=\"has-text-align-center\">La vie de l&rsquo;Eglise concerne tous les chr\u00e9tiens. Des la\u00efcs de diff\u00e9rents villages s&rsquo;engagent pour r\u00e9fl\u00e9chir avec le Cur\u00e9 et discerner des projets pour l&rsquo;ensemble des 17 communes de la paroisse. Les membres de l&rsquo;EAP recueillent bien volontiers vos remarques et vos suggestions.<\/p>\n<\/div>\n\n\n\n<div style=\"height:var(--wp--preset--spacing--30)\" aria-hidden=\"true\" class=\"wp-block-spacer\"><\/div>\n\n\n\n<div class=\"wp-block-columns alignwide is-layout-flex wp-container-core-columns-is-layout-4935966c wp-block-columns-is-layout-flex\" style=\"padding-right:0;padding-left:0\">\n<div class=\"wp-block-column is-layout-flow wp-block-column-is-layout-flow\">\n<figure class=\"wp-block-image size-full is-style-rounded is-style-rounded--2\"><img loading=\"lazy\" decoding=\"async\" width=\"943\" height=\"1676\" src=\"https:\/\/lasuze-catholique.fr\/wp-content\/uploads\/2024\/08\/IMG_3081.jpg\" alt=\"\" class=\"wp-image-166\" style=\"aspect-ratio:1;object-fit:cover\" srcset=\"https:\/\/lasuze-catholique.fr\/wp-content\/uploads\/2024\/08\/IMG_3081.jpg 943w, https:\/\/lasuze-catholique.fr\/wp-content\/uploads\/2024\/08\/IMG_3081-169x300.jpg 169w, https:\/\/lasuze-catholique.fr\/wp-content\/uploads\/2024\/08\/IMG_3081-576x1024.jpg 576w, https:\/\/lasuze-catholique.fr\/wp-content\/uploads\/2024\/08\/IMG_3081-768x1365.jpg 768w, https:\/\/lasuze-catholique.fr\/wp-content\/uploads\/2024\/08\/IMG_3081-864x1536.jpg 864w\" sizes=\"auto, (max-width: 943px) 100vw, 943px\" \/><\/figure>\n\n\n\n<div class=\"wp-block-group is-vertical is-content-justification-center is-nowrap is-layout-flex wp-container-core-group-is-layout-21d4e958 wp-block-group-is-layout-flex\">\n<p class=\"has-text-align-center has-small-font-size\"><strong>Abb\u00e9 Marc ISNARD<\/strong><\/p>\n\n\n\n<p class=\"has-text-align-center has-small-font-size\">Cur\u00e9<\/p>\n<\/div>\n\n\n\n<figure class=\"wp-block-image size-full is-style-rounded is-style-rounded--3\"><img loading=\"lazy\" decoding=\"async\" width=\"2307\" height=\"2307\" src=\"https:\/\/lasuze-catholique.fr\/wp-content\/uploads\/2024\/09\/IMG_4014-1.jpeg\" alt=\"\" class=\"wp-image-323\" style=\"aspect-ratio:1;object-fit:cover\" srcset=\"https:\/\/lasuze-catholique.fr\/wp-content\/uploads\/2024\/09\/IMG_4014-1.jpeg 2307w, https:\/\/lasuze-catholique.fr\/wp-content\/uploads\/2024\/09\/IMG_4014-1-300x300.jpeg 300w, https:\/\/lasuze-catholique.fr\/wp-content\/uploads\/2024\/09\/IMG_4014-1-1024x1024.jpeg 1024w, https:\/\/lasuze-catholique.fr\/wp-content\/uploads\/2024\/09\/IMG_4014-1-150x150.jpeg 150w, https:\/\/lasuze-catholique.fr\/wp-content\/uploads\/2024\/09\/IMG_4014-1-768x768.jpeg 768w, https:\/\/lasuze-catholique.fr\/wp-content\/uploads\/2024\/09\/IMG_4014-1-1536x1536.jpeg 1536w, https:\/\/lasuze-catholique.fr\/wp-content\/uploads\/2024\/09\/IMG_4014-1-2048x2048.jpeg 2048w\" sizes=\"auto, (max-width: 2307px) 100vw, 2307px\" \/><\/figure>\n\n\n\n<div class=\"wp-block-group is-vertical is-content-justification-center is-nowrap is-layout-flex wp-container-core-group-is-layout-21d4e958 wp-block-group-is-layout-flex\">\n<p class=\"has-text-align-center has-small-font-size\"><strong>Caroline LAM\u00c9<\/strong><\/p>\n\n\n\n<p class=\"has-text-align-center has-small-font-size\">Spay<\/p>\n<\/div>\n\n\n\n<figure class=\"wp-block-image size-full is-style-rounded is-style-rounded--4\"><img loading=\"lazy\" decoding=\"async\" width=\"800\" height=\"533\" src=\"http:\/\/lasuze-catholique.fr\/wp-content\/uploads\/2026\/02\/LOGO_ECS_Paroisse-Notre-Dame-de-La-Suze.png\" alt=\"\" class=\"wp-image-1256\" style=\"aspect-ratio:1;object-fit:cover\" srcset=\"https:\/\/lasuze-catholique.fr\/wp-content\/uploads\/2026\/02\/LOGO_ECS_Paroisse-Notre-Dame-de-La-Suze.png 800w, https:\/\/lasuze-catholique.fr\/wp-content\/uploads\/2026\/02\/LOGO_ECS_Paroisse-Notre-Dame-de-La-Suze-300x200.png 300w, https:\/\/lasuze-catholique.fr\/wp-content\/uploads\/2026\/02\/LOGO_ECS_Paroisse-Notre-Dame-de-La-Suze-768x512.png 768w\" sizes=\"auto, (max-width: 800px) 100vw, 800px\" \/><\/figure>\n\n\n\n<div class=\"wp-block-group is-vertical is-content-justification-center is-nowrap is-layout-flex wp-container-core-group-is-layout-21d4e958 wp-block-group-is-layout-flex\">\n<p class=\"has-text-align-center has-small-font-size\"><strong>Catherine PAVARD<\/strong><\/p>\n\n\n\n<p class=\"has-text-align-center has-small-font-size\">Ro\u00ebz\u00e9<\/p>\n<\/div>\n<\/div>\n\n\n\n<div class=\"wp-block-column is-layout-flow wp-block-column-is-layout-flow\">\n<figure class=\"wp-block-image size-full is-style-rounded is-style-rounded--5\"><img loading=\"lazy\" decoding=\"async\" width=\"1920\" height=\"2560\" src=\"https:\/\/lasuze-catholique.fr\/wp-content\/uploads\/2025\/07\/IMG_5764-scaled.jpeg\" alt=\"\" class=\"wp-image-818\" style=\"aspect-ratio:1;object-fit:cover\" srcset=\"https:\/\/lasuze-catholique.fr\/wp-content\/uploads\/2025\/07\/IMG_5764-scaled.jpeg 1920w, https:\/\/lasuze-catholique.fr\/wp-content\/uploads\/2025\/07\/IMG_5764-225x300.jpeg 225w, https:\/\/lasuze-catholique.fr\/wp-content\/uploads\/2025\/07\/IMG_5764-768x1024.jpeg 768w, https:\/\/lasuze-catholique.fr\/wp-content\/uploads\/2025\/07\/IMG_5764-1152x1536.jpeg 1152w, https:\/\/lasuze-catholique.fr\/wp-content\/uploads\/2025\/07\/IMG_5764-1536x2048.jpeg 1536w\" sizes=\"auto, (max-width: 1920px) 100vw, 1920px\" \/><\/figure>\n\n\n\n<div class=\"wp-block-group is-vertical is-content-justification-center is-nowrap is-layout-flex wp-container-core-group-is-layout-63bfd6c1 wp-block-group-is-layout-flex\">\n<p class=\"has-text-align-center has-small-font-size\"><strong><strong>Katia MOUNIANMAN<\/strong><\/strong><\/p>\n\n\n\n<p class=\"has-text-align-center has-small-font-size\">La Suze<\/p>\n<\/div>\n\n\n\n<figure class=\"wp-block-image size-full is-style-rounded is-style-rounded--6\"><img loading=\"lazy\" decoding=\"async\" width=\"1920\" height=\"2560\" src=\"https:\/\/lasuze-catholique.fr\/wp-content\/uploads\/2024\/09\/IMG_4056-scaled.jpeg\" alt=\"\" class=\"wp-image-348\" style=\"aspect-ratio:1;object-fit:cover\" srcset=\"https:\/\/lasuze-catholique.fr\/wp-content\/uploads\/2024\/09\/IMG_4056-scaled.jpeg 1920w, https:\/\/lasuze-catholique.fr\/wp-content\/uploads\/2024\/09\/IMG_4056-225x300.jpeg 225w, https:\/\/lasuze-catholique.fr\/wp-content\/uploads\/2024\/09\/IMG_4056-768x1024.jpeg 768w, https:\/\/lasuze-catholique.fr\/wp-content\/uploads\/2024\/09\/IMG_4056-1152x1536.jpeg 1152w, https:\/\/lasuze-catholique.fr\/wp-content\/uploads\/2024\/09\/IMG_4056-1536x2048.jpeg 1536w\" sizes=\"auto, (max-width: 1920px) 100vw, 1920px\" \/><\/figure>\n\n\n\n<div class=\"wp-block-group is-vertical is-content-justification-center is-nowrap is-layout-flex wp-container-core-group-is-layout-63bfd6c1 wp-block-group-is-layout-flex\">\n<p class=\"has-text-align-center has-small-font-size\"><strong>Fran\u00e7ois DOLL<\/strong><\/p>\n\n\n\n<p class=\"has-text-align-center has-small-font-size\">C\u00e9rans-Foulletourte<\/p>\n<\/div>\n\n\n\n<figure class=\"wp-block-image size-full is-style-rounded is-style-rounded--7\"><img loading=\"lazy\" decoding=\"async\" width=\"1920\" height=\"2560\" src=\"https:\/\/lasuze-catholique.fr\/wp-content\/uploads\/2024\/09\/IMG_4062-scaled.jpeg\" alt=\"\" class=\"wp-image-356\" style=\"aspect-ratio:1;object-fit:cover\" srcset=\"https:\/\/lasuze-catholique.fr\/wp-content\/uploads\/2024\/09\/IMG_4062-scaled.jpeg 1920w, https:\/\/lasuze-catholique.fr\/wp-content\/uploads\/2024\/09\/IMG_4062-225x300.jpeg 225w, https:\/\/lasuze-catholique.fr\/wp-content\/uploads\/2024\/09\/IMG_4062-768x1024.jpeg 768w, https:\/\/lasuze-catholique.fr\/wp-content\/uploads\/2024\/09\/IMG_4062-1152x1536.jpeg 1152w, https:\/\/lasuze-catholique.fr\/wp-content\/uploads\/2024\/09\/IMG_4062-1536x2048.jpeg 1536w\" sizes=\"auto, (max-width: 1920px) 100vw, 1920px\" \/><\/figure>\n\n\n\n<div class=\"wp-block-group is-vertical is-content-justification-center is-nowrap is-layout-flex wp-container-core-group-is-layout-21d4e958 wp-block-group-is-layout-flex\">\n<p class=\"has-text-align-center has-small-font-size\"><strong>Marie-France COUSIN<\/strong><\/p>\n\n\n\n<p class=\"has-text-align-center has-small-font-size\">La Suze<\/p>\n<\/div>\n<\/div>\n\n\n\n<div class=\"wp-block-column is-layout-flow wp-block-column-is-layout-flow\">\n<figure class=\"wp-block-image size-full is-style-rounded is-style-rounded--8\"><img loading=\"lazy\" decoding=\"async\" width=\"1920\" height=\"2560\" src=\"https:\/\/lasuze-catholique.fr\/wp-content\/uploads\/2024\/09\/IMG_4058-scaled.jpeg\" alt=\"\" class=\"wp-image-350\" style=\"aspect-ratio:1;object-fit:cover\" srcset=\"https:\/\/lasuze-catholique.fr\/wp-content\/uploads\/2024\/09\/IMG_4058-scaled.jpeg 1920w, https:\/\/lasuze-catholique.fr\/wp-content\/uploads\/2024\/09\/IMG_4058-225x300.jpeg 225w, https:\/\/lasuze-catholique.fr\/wp-content\/uploads\/2024\/09\/IMG_4058-768x1024.jpeg 768w, https:\/\/lasuze-catholique.fr\/wp-content\/uploads\/2024\/09\/IMG_4058-1152x1536.jpeg 1152w, https:\/\/lasuze-catholique.fr\/wp-content\/uploads\/2024\/09\/IMG_4058-1536x2048.jpeg 1536w\" sizes=\"auto, (max-width: 1920px) 100vw, 1920px\" \/><\/figure>\n\n\n\n<div class=\"wp-block-group is-vertical is-content-justification-center is-nowrap is-layout-flex wp-container-core-group-is-layout-63bfd6c1 wp-block-group-is-layout-flex\">\n<p class=\"has-text-align-center has-small-font-size\"><strong>Victor MOUNIANMAN<\/strong><\/p>\n\n\n\n<p class=\"has-text-align-center has-small-font-size\">La Suze<\/p>\n<\/div>\n\n\n\n<figure class=\"wp-block-image size-full is-style-rounded is-style-rounded--9\"><img loading=\"lazy\" decoding=\"async\" width=\"1920\" height=\"2560\" src=\"https:\/\/lasuze-catholique.fr\/wp-content\/uploads\/2025\/08\/IMG_8217-scaled.jpeg\" alt=\"\" class=\"wp-image-934\" style=\"aspect-ratio:1;object-fit:cover\" srcset=\"https:\/\/lasuze-catholique.fr\/wp-content\/uploads\/2025\/08\/IMG_8217-scaled.jpeg 1920w, https:\/\/lasuze-catholique.fr\/wp-content\/uploads\/2025\/08\/IMG_8217-225x300.jpeg 225w, https:\/\/lasuze-catholique.fr\/wp-content\/uploads\/2025\/08\/IMG_8217-768x1024.jpeg 768w, https:\/\/lasuze-catholique.fr\/wp-content\/uploads\/2025\/08\/IMG_8217-1152x1536.jpeg 1152w, https:\/\/lasuze-catholique.fr\/wp-content\/uploads\/2025\/08\/IMG_8217-1536x2048.jpeg 1536w\" sizes=\"auto, (max-width: 1920px) 100vw, 1920px\" \/><\/figure>\n\n\n\n<div class=\"wp-block-group is-vertical is-content-justification-center is-nowrap is-layout-flex wp-container-core-group-is-layout-21d4e958 wp-block-group-is-layout-flex\">\n<p class=\"has-text-align-center has-small-font-size\"><strong>Jacky DROUET<\/strong><\/p>\n\n\n\n<p class=\"has-text-align-center has-small-font-size\">C\u00e9rans-Foulletourte<\/p>\n<\/div>\n\n\n\n<figure class=\"wp-block-image size-full is-style-rounded is-style-rounded--10\"><img loading=\"lazy\" decoding=\"async\" width=\"1920\" height=\"2560\" src=\"https:\/\/lasuze-catholique.fr\/wp-content\/uploads\/2024\/09\/IMG_4060-scaled.jpeg\" alt=\"\" class=\"wp-image-352\" style=\"aspect-ratio:1;object-fit:cover\" srcset=\"https:\/\/lasuze-catholique.fr\/wp-content\/uploads\/2024\/09\/IMG_4060-scaled.jpeg 1920w, https:\/\/lasuze-catholique.fr\/wp-content\/uploads\/2024\/09\/IMG_4060-225x300.jpeg 225w, https:\/\/lasuze-catholique.fr\/wp-content\/uploads\/2024\/09\/IMG_4060-768x1024.jpeg 768w, https:\/\/lasuze-catholique.fr\/wp-content\/uploads\/2024\/09\/IMG_4060-1152x1536.jpeg 1152w, https:\/\/lasuze-catholique.fr\/wp-content\/uploads\/2024\/09\/IMG_4060-1536x2048.jpeg 1536w\" sizes=\"auto, (max-width: 1920px) 100vw, 1920px\" \/><\/figure>\n\n\n\n<div class=\"wp-block-group is-vertical is-content-justification-center is-nowrap is-layout-flex wp-container-core-group-is-layout-21d4e958 wp-block-group-is-layout-flex\">\n<p class=\"has-text-align-center has-small-font-size\"><strong>Gu\u00e9nol\u00e9 RICOUR<\/strong><\/p>\n\n\n\n<p class=\"has-text-align-center has-small-font-size\">Fill\u00e9<\/p>\n<\/div>\n<\/div>\n\n\n\n<div class=\"wp-block-column is-layout-flow wp-block-column-is-layout-flow\">\n<figure class=\"wp-block-image size-full is-style-rounded is-style-rounded--11\"><img loading=\"lazy\" decoding=\"async\" width=\"1920\" height=\"2560\" src=\"https:\/\/lasuze-catholique.fr\/wp-content\/uploads\/2024\/09\/IMG_4059-scaled.jpeg\" alt=\"\" class=\"wp-image-351\" style=\"aspect-ratio:1;object-fit:cover\" srcset=\"https:\/\/lasuze-catholique.fr\/wp-content\/uploads\/2024\/09\/IMG_4059-scaled.jpeg 1920w, https:\/\/lasuze-catholique.fr\/wp-content\/uploads\/2024\/09\/IMG_4059-225x300.jpeg 225w, https:\/\/lasuze-catholique.fr\/wp-content\/uploads\/2024\/09\/IMG_4059-768x1024.jpeg 768w, https:\/\/lasuze-catholique.fr\/wp-content\/uploads\/2024\/09\/IMG_4059-1152x1536.jpeg 1152w, https:\/\/lasuze-catholique.fr\/wp-content\/uploads\/2024\/09\/IMG_4059-1536x2048.jpeg 1536w\" sizes=\"auto, (max-width: 1920px) 100vw, 1920px\" \/><\/figure>\n\n\n\n<div class=\"wp-block-group is-vertical is-content-justification-center is-nowrap is-layout-flex wp-container-core-group-is-layout-21d4e958 wp-block-group-is-layout-flex\">\n<p class=\"has-text-align-center has-small-font-size\"><strong>Sylvie POITRINEAU<\/strong><\/p>\n\n\n\n<p class=\"has-text-align-center has-small-font-size\">C\u00e9rans-Foulletourte<\/p>\n<\/div>\n\n\n\n<figure class=\"wp-block-image size-full is-style-rounded is-style-rounded--12\"><img loading=\"lazy\" decoding=\"async\" width=\"1920\" height=\"2560\" src=\"http:\/\/lasuze-catholique.fr\/wp-content\/uploads\/2026\/01\/IMG_1029-scaled.jpeg\" alt=\"\" class=\"wp-image-1208\" style=\"aspect-ratio:1;object-fit:cover\" srcset=\"https:\/\/lasuze-catholique.fr\/wp-content\/uploads\/2026\/01\/IMG_1029-scaled.jpeg 1920w, https:\/\/lasuze-catholique.fr\/wp-content\/uploads\/2026\/01\/IMG_1029-225x300.jpeg 225w, https:\/\/lasuze-catholique.fr\/wp-content\/uploads\/2026\/01\/IMG_1029-768x1024.jpeg 768w, https:\/\/lasuze-catholique.fr\/wp-content\/uploads\/2026\/01\/IMG_1029-1152x1536.jpeg 1152w, https:\/\/lasuze-catholique.fr\/wp-content\/uploads\/2026\/01\/IMG_1029-1536x2048.jpeg 1536w\" sizes=\"auto, (max-width: 1920px) 100vw, 1920px\" \/><\/figure>\n\n\n\n<div class=\"wp-block-group is-vertical is-content-justification-center is-nowrap is-layout-flex wp-container-core-group-is-layout-21d4e958 wp-block-group-is-layout-flex\">\n<p class=\"has-text-align-center has-small-font-size\"><strong>Ludivine VIN\u00c7ON<\/strong><\/p>\n\n\n\n<p class=\"has-text-align-center has-small-font-size\">Oiz\u00e9<\/p>\n<\/div>\n\n\n\n<figure class=\"wp-block-image size-full is-style-rounded is-style-rounded--13\"><img loading=\"lazy\" decoding=\"async\" width=\"800\" height=\"533\" src=\"http:\/\/lasuze-catholique.fr\/wp-content\/uploads\/2026\/02\/LOGO_ECS_Paroisse-Notre-Dame-de-La-Suze.png\" alt=\"\" class=\"wp-image-1256\" style=\"aspect-ratio:1;object-fit:cover\" srcset=\"https:\/\/lasuze-catholique.fr\/wp-content\/uploads\/2026\/02\/LOGO_ECS_Paroisse-Notre-Dame-de-La-Suze.png 800w, https:\/\/lasuze-catholique.fr\/wp-content\/uploads\/2026\/02\/LOGO_ECS_Paroisse-Notre-Dame-de-La-Suze-300x200.png 300w, https:\/\/lasuze-catholique.fr\/wp-content\/uploads\/2026\/02\/LOGO_ECS_Paroisse-Notre-Dame-de-La-Suze-768x512.png 768w\" sizes=\"auto, (max-width: 800px) 100vw, 800px\" \/><\/figure>\n\n\n\n<div class=\"wp-block-group is-vertical is-content-justification-center is-nowrap is-layout-flex wp-container-core-group-is-layout-21d4e958 wp-block-group-is-layout-flex\">\n<p class=\"has-text-align-center has-small-font-size\"><strong>S\u00e9verine GASNIER<\/strong><\/p>\n\n\n\n<p class=\"has-text-align-center has-small-font-size\">Fill\u00e9<\/p>\n<\/div>\n<\/div>\n<\/div>\n<\/div>\n\n\n\n<div class=\"wp-block-group alignfull has-global-padding is-layout-constrained wp-container-core-group-is-layout-669513ed wp-block-group-is-layout-constrained\" style=\"margin-top:0;margin-bottom:0;padding-top:var(--wp--preset--spacing--50);padding-right:var(--wp--preset--spacing--50);padding-bottom:var(--wp--preset--spacing--50);padding-left:var(--wp--preset--spacing--50)\">\n<div class=\"wp-block-group is-vertical is-content-justification-center is-layout-flex wp-container-core-group-is-layout-ce155fab wp-block-group-is-layout-flex\">\n<h2 class=\"wp-block-heading has-text-align-center has-xx-large-font-size\" style=\"font-style:normal;font-weight:600\"><mark style=\"background-color:rgba(0, 0, 0, 0)\" class=\"has-inline-color has-accent-color\">Le Conseil \u00c9conomique Paroissial (CEP)<\/mark><\/h2>\n\n\n\n<p class=\"has-text-align-center\">L&rsquo;Eglise en France ne vit que du don des fid\u00e8les. Elle ne re\u00e7oit aucune subvention du Vatican ou de l&rsquo;\u00c9tat. Les presbyt\u00e8res de La Suze et Fill\u00e9 sont propri\u00e9t\u00e9s du dioc\u00e8se. A chaque sacrement, aux messes dominicales et aux s\u00e9pultures, une collecte a lieu et\/ou une offrande est demand\u00e9e. Le denier de l&rsquo;Eglise est la collecte annuelle pour assurer une vie d\u00e9cente aux pr\u00eatres et salari\u00e9s de l&rsquo;Eglise. La gestion des ressources financi\u00e8res de la paroisse est assur\u00e9e par le CEP en lien avec l&rsquo;Economat du dioc\u00e8se.<\/p>\n<\/div>\n\n\n\n<div style=\"height:var(--wp--preset--spacing--30)\" aria-hidden=\"true\" class=\"wp-block-spacer\"><\/div>\n\n\n\n<div class=\"wp-block-columns alignwide is-layout-flex wp-container-core-columns-is-layout-4935966c wp-block-columns-is-layout-flex\" style=\"padding-right:0;padding-left:0\">\n<div class=\"wp-block-column is-layout-flow wp-block-column-is-layout-flow\">\n<figure class=\"wp-block-image size-full is-style-rounded is-style-rounded--14\"><img loading=\"lazy\" decoding=\"async\" width=\"943\" height=\"1676\" src=\"https:\/\/lasuze-catholique.fr\/wp-content\/uploads\/2024\/08\/IMG_3081.jpg\" alt=\"\" class=\"wp-image-166\" style=\"aspect-ratio:1;object-fit:cover\" srcset=\"https:\/\/lasuze-catholique.fr\/wp-content\/uploads\/2024\/08\/IMG_3081.jpg 943w, https:\/\/lasuze-catholique.fr\/wp-content\/uploads\/2024\/08\/IMG_3081-169x300.jpg 169w, https:\/\/lasuze-catholique.fr\/wp-content\/uploads\/2024\/08\/IMG_3081-576x1024.jpg 576w, https:\/\/lasuze-catholique.fr\/wp-content\/uploads\/2024\/08\/IMG_3081-768x1365.jpg 768w, https:\/\/lasuze-catholique.fr\/wp-content\/uploads\/2024\/08\/IMG_3081-864x1536.jpg 864w\" sizes=\"auto, (max-width: 943px) 100vw, 943px\" \/><\/figure>\n\n\n\n<div class=\"wp-block-group is-vertical is-content-justification-center is-nowrap is-layout-flex wp-container-core-group-is-layout-21d4e958 wp-block-group-is-layout-flex\">\n<p class=\"has-text-align-center has-small-font-size\"><strong>Abb\u00e9 Marc ISNARD<\/strong><\/p>\n\n\n\n<p class=\"has-text-align-center has-small-font-size\">Cur\u00e9<\/p>\n<\/div>\n\n\n\n<figure class=\"wp-block-image size-full is-style-rounded is-style-rounded--15\"><img loading=\"lazy\" decoding=\"async\" width=\"1920\" height=\"2560\" src=\"http:\/\/lasuze-catholique.fr\/wp-content\/uploads\/2024\/09\/IMG_4060-scaled.jpeg\" alt=\"\" class=\"wp-image-352\" style=\"aspect-ratio:1;object-fit:cover\" srcset=\"https:\/\/lasuze-catholique.fr\/wp-content\/uploads\/2024\/09\/IMG_4060-scaled.jpeg 1920w, https:\/\/lasuze-catholique.fr\/wp-content\/uploads\/2024\/09\/IMG_4060-225x300.jpeg 225w, https:\/\/lasuze-catholique.fr\/wp-content\/uploads\/2024\/09\/IMG_4060-768x1024.jpeg 768w, https:\/\/lasuze-catholique.fr\/wp-content\/uploads\/2024\/09\/IMG_4060-1152x1536.jpeg 1152w, https:\/\/lasuze-catholique.fr\/wp-content\/uploads\/2024\/09\/IMG_4060-1536x2048.jpeg 1536w\" sizes=\"auto, (max-width: 1920px) 100vw, 1920px\" \/><\/figure>\n\n\n\n<div class=\"wp-block-group is-vertical is-content-justification-center is-nowrap is-layout-flex wp-container-core-group-is-layout-21d4e958 wp-block-group-is-layout-flex\">\n<p class=\"has-text-align-center has-small-font-size\"><strong>Gu\u00e9nol\u00e9 RICOUR<\/strong><\/p>\n\n\n\n<p class=\"has-text-align-center has-small-font-size\">Fill\u00e9<\/p>\n<\/div>\n<\/div>\n\n\n\n<div class=\"wp-block-column is-layout-flow wp-block-column-is-layout-flow\">\n<figure class=\"wp-block-image size-full is-style-rounded is-style-rounded--16\"><img loading=\"lazy\" decoding=\"async\" width=\"2560\" height=\"2560\" src=\"https:\/\/lasuze-catholique.fr\/wp-content\/uploads\/2024\/09\/IMG_4092-scaled.jpeg\" alt=\"\" class=\"wp-image-379\" style=\"aspect-ratio:1;object-fit:cover\" srcset=\"https:\/\/lasuze-catholique.fr\/wp-content\/uploads\/2024\/09\/IMG_4092-scaled.jpeg 2560w, https:\/\/lasuze-catholique.fr\/wp-content\/uploads\/2024\/09\/IMG_4092-300x300.jpeg 300w, https:\/\/lasuze-catholique.fr\/wp-content\/uploads\/2024\/09\/IMG_4092-1024x1024.jpeg 1024w, https:\/\/lasuze-catholique.fr\/wp-content\/uploads\/2024\/09\/IMG_4092-150x150.jpeg 150w, https:\/\/lasuze-catholique.fr\/wp-content\/uploads\/2024\/09\/IMG_4092-768x768.jpeg 768w, https:\/\/lasuze-catholique.fr\/wp-content\/uploads\/2024\/09\/IMG_4092-1536x1536.jpeg 1536w, https:\/\/lasuze-catholique.fr\/wp-content\/uploads\/2024\/09\/IMG_4092-2048x2048.jpeg 2048w\" sizes=\"auto, (max-width: 2560px) 100vw, 2560px\" \/><\/figure>\n\n\n\n<div class=\"wp-block-group is-vertical is-content-justification-center is-nowrap is-layout-flex wp-container-core-group-is-layout-63bfd6c1 wp-block-group-is-layout-flex\">\n<p class=\"has-text-align-center has-small-font-size\"><strong>Marie-Th\u00e9 GAUTHIER<\/strong><\/p>\n\n\n\n<p class=\"has-text-align-center has-small-font-size\">La Suze<\/p>\n<\/div>\n\n\n\n<figure class=\"wp-block-image size-full is-style-rounded is-style-rounded--17\"><img loading=\"lazy\" decoding=\"async\" width=\"2560\" height=\"2560\" src=\"http:\/\/lasuze-catholique.fr\/wp-content\/uploads\/2025\/09\/IMG_8346-scaled.jpeg\" alt=\"\" class=\"wp-image-963\" style=\"aspect-ratio:1;object-fit:cover\" srcset=\"https:\/\/lasuze-catholique.fr\/wp-content\/uploads\/2025\/09\/IMG_8346-scaled.jpeg 2560w, https:\/\/lasuze-catholique.fr\/wp-content\/uploads\/2025\/09\/IMG_8346-300x300.jpeg 300w, https:\/\/lasuze-catholique.fr\/wp-content\/uploads\/2025\/09\/IMG_8346-1024x1024.jpeg 1024w, https:\/\/lasuze-catholique.fr\/wp-content\/uploads\/2025\/09\/IMG_8346-150x150.jpeg 150w, https:\/\/lasuze-catholique.fr\/wp-content\/uploads\/2025\/09\/IMG_8346-768x768.jpeg 768w, https:\/\/lasuze-catholique.fr\/wp-content\/uploads\/2025\/09\/IMG_8346-1536x1536.jpeg 1536w, https:\/\/lasuze-catholique.fr\/wp-content\/uploads\/2025\/09\/IMG_8346-2048x2048.jpeg 2048w\" sizes=\"auto, (max-width: 2560px) 100vw, 2560px\" \/><\/figure>\n\n\n\n<div class=\"wp-block-group is-vertical is-content-justification-center is-nowrap is-layout-flex wp-container-core-group-is-layout-63bfd6c1 wp-block-group-is-layout-flex\">\n<p class=\"has-text-align-center has-small-font-size\"><strong>Amaury BUVIGNIER<\/strong><\/p>\n\n\n\n<p class=\"has-text-align-center has-small-font-size\">Fill\u00e9<\/p>\n<\/div>\n<\/div>\n\n\n\n<div class=\"wp-block-column is-layout-flow wp-block-column-is-layout-flow\">\n<figure class=\"wp-block-image size-full is-style-rounded is-style-rounded--18\"><img loading=\"lazy\" decoding=\"async\" width=\"1920\" height=\"2560\" src=\"http:\/\/lasuze-catholique.fr\/wp-content\/uploads\/2025\/09\/IMG_8345-scaled.jpeg\" alt=\"\" class=\"wp-image-962\" style=\"aspect-ratio:1;object-fit:cover\" srcset=\"https:\/\/lasuze-catholique.fr\/wp-content\/uploads\/2025\/09\/IMG_8345-scaled.jpeg 1920w, https:\/\/lasuze-catholique.fr\/wp-content\/uploads\/2025\/09\/IMG_8345-225x300.jpeg 225w, https:\/\/lasuze-catholique.fr\/wp-content\/uploads\/2025\/09\/IMG_8345-768x1024.jpeg 768w, https:\/\/lasuze-catholique.fr\/wp-content\/uploads\/2025\/09\/IMG_8345-1152x1536.jpeg 1152w, https:\/\/lasuze-catholique.fr\/wp-content\/uploads\/2025\/09\/IMG_8345-1536x2048.jpeg 1536w\" sizes=\"auto, (max-width: 1920px) 100vw, 1920px\" \/><\/figure>\n\n\n\n<div class=\"wp-block-group is-vertical is-content-justification-center is-nowrap is-layout-flex wp-container-core-group-is-layout-63bfd6c1 wp-block-group-is-layout-flex\">\n<p class=\"has-text-align-center has-small-font-size\"><strong>Claire de MONTESSON<\/strong><\/p>\n\n\n\n<p class=\"has-text-align-center has-small-font-size\">Soulign\u00e9-Flac\u00e9<\/p>\n<\/div>\n\n\n\n<figure class=\"wp-block-image size-full is-style-rounded is-style-rounded--19\"><img loading=\"lazy\" decoding=\"async\" width=\"2560\" height=\"2560\" src=\"http:\/\/lasuze-catholique.fr\/wp-content\/uploads\/2024\/10\/IMG_4656-1-scaled.jpeg\" alt=\"\" class=\"wp-image-499\" style=\"aspect-ratio:1;object-fit:cover\" srcset=\"https:\/\/lasuze-catholique.fr\/wp-content\/uploads\/2024\/10\/IMG_4656-1-scaled.jpeg 2560w, https:\/\/lasuze-catholique.fr\/wp-content\/uploads\/2024\/10\/IMG_4656-1-300x300.jpeg 300w, https:\/\/lasuze-catholique.fr\/wp-content\/uploads\/2024\/10\/IMG_4656-1-1024x1024.jpeg 1024w, https:\/\/lasuze-catholique.fr\/wp-content\/uploads\/2024\/10\/IMG_4656-1-150x150.jpeg 150w, https:\/\/lasuze-catholique.fr\/wp-content\/uploads\/2024\/10\/IMG_4656-1-768x768.jpeg 768w, https:\/\/lasuze-catholique.fr\/wp-content\/uploads\/2024\/10\/IMG_4656-1-1536x1536.jpeg 1536w, https:\/\/lasuze-catholique.fr\/wp-content\/uploads\/2024\/10\/IMG_4656-1-2048x2048.jpeg 2048w\" sizes=\"auto, (max-width: 2560px) 100vw, 2560px\" \/><\/figure>\n\n\n\n<div class=\"wp-block-group is-vertical is-content-justification-center is-nowrap is-layout-flex wp-container-core-group-is-layout-63bfd6c1 wp-block-group-is-layout-flex\">\n<p class=\"has-text-align-center has-small-font-size\"><strong>Marie-Jacques BELFORT<\/strong><\/p>\n\n\n\n<p class=\"has-text-align-center has-small-font-size\">Voivres<\/p>\n<\/div>\n<\/div>\n\n\n\n<div class=\"wp-block-column is-layout-flow wp-block-column-is-layout-flow\">\n<figure class=\"wp-block-image size-full is-style-rounded is-style-rounded--20\"><img loading=\"lazy\" decoding=\"async\" width=\"2560\" height=\"2560\" src=\"http:\/\/lasuze-catholique.fr\/wp-content\/uploads\/2025\/09\/IMG_8348-scaled.jpeg\" alt=\"\" class=\"wp-image-964\" style=\"aspect-ratio:1;object-fit:cover\" srcset=\"https:\/\/lasuze-catholique.fr\/wp-content\/uploads\/2025\/09\/IMG_8348-scaled.jpeg 2560w, https:\/\/lasuze-catholique.fr\/wp-content\/uploads\/2025\/09\/IMG_8348-300x300.jpeg 300w, https:\/\/lasuze-catholique.fr\/wp-content\/uploads\/2025\/09\/IMG_8348-1024x1024.jpeg 1024w, https:\/\/lasuze-catholique.fr\/wp-content\/uploads\/2025\/09\/IMG_8348-150x150.jpeg 150w, https:\/\/lasuze-catholique.fr\/wp-content\/uploads\/2025\/09\/IMG_8348-768x768.jpeg 768w, https:\/\/lasuze-catholique.fr\/wp-content\/uploads\/2025\/09\/IMG_8348-1536x1536.jpeg 1536w, https:\/\/lasuze-catholique.fr\/wp-content\/uploads\/2025\/09\/IMG_8348-2048x2048.jpeg 2048w\" sizes=\"auto, (max-width: 2560px) 100vw, 2560px\" \/><\/figure>\n\n\n\n<div class=\"wp-block-group is-vertical is-content-justification-center is-nowrap is-layout-flex wp-container-core-group-is-layout-63bfd6c1 wp-block-group-is-layout-flex\">\n<p class=\"has-text-align-center has-small-font-size\"><strong>Brigitte SEIGNEURIN<\/strong><\/p>\n\n\n\n<p class=\"has-text-align-center has-small-font-size\">C\u00e9rans-Foulletourte<\/p>\n<\/div>\n\n\n\n<figure class=\"wp-block-image size-full is-style-rounded is-style-rounded--21\"><img loading=\"lazy\" decoding=\"async\" width=\"2560\" height=\"2560\" src=\"https:\/\/lasuze-catholique.fr\/wp-content\/uploads\/2025\/10\/IMG_8487-2-scaled.jpeg\" alt=\"\" class=\"wp-image-987\" style=\"aspect-ratio:1;object-fit:cover\" srcset=\"https:\/\/lasuze-catholique.fr\/wp-content\/uploads\/2025\/10\/IMG_8487-2-scaled.jpeg 2560w, https:\/\/lasuze-catholique.fr\/wp-content\/uploads\/2025\/10\/IMG_8487-2-300x300.jpeg 300w, https:\/\/lasuze-catholique.fr\/wp-content\/uploads\/2025\/10\/IMG_8487-2-1024x1024.jpeg 1024w, https:\/\/lasuze-catholique.fr\/wp-content\/uploads\/2025\/10\/IMG_8487-2-150x150.jpeg 150w, https:\/\/lasuze-catholique.fr\/wp-content\/uploads\/2025\/10\/IMG_8487-2-768x768.jpeg 768w, https:\/\/lasuze-catholique.fr\/wp-content\/uploads\/2025\/10\/IMG_8487-2-1536x1536.jpeg 1536w, https:\/\/lasuze-catholique.fr\/wp-content\/uploads\/2025\/10\/IMG_8487-2-2048x2048.jpeg 2048w\" sizes=\"auto, (max-width: 2560px) 100vw, 2560px\" \/><\/figure>\n\n\n\n<div class=\"wp-block-group is-vertical is-content-justification-center is-nowrap is-layout-flex wp-container-core-group-is-layout-63bfd6c1 wp-block-group-is-layout-flex\">\n<p class=\"has-text-align-center has-small-font-size\"><strong>Xavier LACOMBE<\/strong><\/p>\n\n\n\n<p class=\"has-text-align-center has-small-font-size\">Parign\u00e9-le-P\u00f4lin<\/p>\n<\/div>\n<\/div>\n<\/div>\n<\/div>\n\n\n\n<div class=\"wp-block-group alignfull has-accent-2-background-color has-background has-global-padding is-layout-constrained wp-container-core-group-is-layout-669513ed wp-block-group-is-layout-constrained\" style=\"margin-top:0;margin-bottom:0;padding-top:var(--wp--preset--spacing--50);padding-right:var(--wp--preset--spacing--50);padding-bottom:var(--wp--preset--spacing--50);padding-left:var(--wp--preset--spacing--50)\">\n<div class=\"wp-block-group is-vertical is-content-justification-center is-layout-flex wp-container-core-group-is-layout-ce155fab wp-block-group-is-layout-flex\">\n<h2 class=\"wp-block-heading has-text-align-center has-xx-large-font-size\" style=\"font-style:normal;font-weight:600\"><mark style=\"background-color:rgba(0, 0, 0, 0)\" class=\"has-inline-color has-accent-color\">Les services techniques<\/mark><\/h2>\n\n\n\n<p class=\"has-text-align-center\">La paroisse dessert vingt \u00e9glises, propri\u00e9t\u00e9s des communes. La paroisse est propri\u00e9taire du presbyt\u00e8re de La Suze et de celui de Fill\u00e9. Cela demande des contacts r\u00e9guliers avec les communes et les services dioc\u00e9sains pour veiller au bon entretien des b\u00e2timents et \u00e0 l&rsquo;acc\u00e8s du public en toute s\u00e9curit\u00e9. Des b\u00e9n\u00e9voles de la paroisse donnent g\u00e9n\u00e9reusement leur temps et leur comp\u00e9tences pour suivre les questions immobili\u00e8res et techniques.<\/p>\n<\/div>\n\n\n\n<div style=\"height:var(--wp--preset--spacing--30)\" aria-hidden=\"true\" class=\"wp-block-spacer\"><\/div>\n\n\n\n<div class=\"wp-block-columns alignwide is-layout-flex wp-container-core-columns-is-layout-4935966c wp-block-columns-is-layout-flex\" style=\"padding-right:0;padding-left:0\">\n<div class=\"wp-block-column is-layout-flow wp-block-column-is-layout-flow\">\n<figure class=\"wp-block-image size-full is-style-rounded is-style-rounded--22\"><img loading=\"lazy\" decoding=\"async\" width=\"800\" height=\"533\" src=\"http:\/\/lasuze-catholique.fr\/wp-content\/uploads\/2026\/02\/LOGO_ECS_Paroisse-Notre-Dame-de-La-Suze.png\" alt=\"\" class=\"wp-image-1256\" style=\"aspect-ratio:1;object-fit:cover\" srcset=\"https:\/\/lasuze-catholique.fr\/wp-content\/uploads\/2026\/02\/LOGO_ECS_Paroisse-Notre-Dame-de-La-Suze.png 800w, https:\/\/lasuze-catholique.fr\/wp-content\/uploads\/2026\/02\/LOGO_ECS_Paroisse-Notre-Dame-de-La-Suze-300x200.png 300w, https:\/\/lasuze-catholique.fr\/wp-content\/uploads\/2026\/02\/LOGO_ECS_Paroisse-Notre-Dame-de-La-Suze-768x512.png 768w\" sizes=\"auto, (max-width: 800px) 100vw, 800px\" \/><\/figure>\n\n\n\n<div class=\"wp-block-group is-vertical is-content-justification-center is-nowrap is-layout-flex wp-container-core-group-is-layout-21d4e958 wp-block-group-is-layout-flex\">\n<p class=\"has-text-align-center has-small-font-size\"><strong>J\u00e9r\u00f4me BELFORT<\/strong><\/p>\n\n\n\n<p class=\"has-text-align-center has-small-font-size\">Voivres<\/p>\n<\/div>\n<\/div>\n\n\n\n<div class=\"wp-block-column is-layout-flow wp-block-column-is-layout-flow\">\n<figure class=\"wp-block-image size-full is-style-rounded is-style-rounded--23\"><img loading=\"lazy\" decoding=\"async\" width=\"1920\" height=\"2560\" src=\"https:\/\/lasuze-catholique.fr\/wp-content\/uploads\/2024\/09\/IMG_4058-scaled.jpeg\" alt=\"\" class=\"wp-image-350\" style=\"aspect-ratio:1;object-fit:cover\" srcset=\"https:\/\/lasuze-catholique.fr\/wp-content\/uploads\/2024\/09\/IMG_4058-scaled.jpeg 1920w, https:\/\/lasuze-catholique.fr\/wp-content\/uploads\/2024\/09\/IMG_4058-225x300.jpeg 225w, https:\/\/lasuze-catholique.fr\/wp-content\/uploads\/2024\/09\/IMG_4058-768x1024.jpeg 768w, https:\/\/lasuze-catholique.fr\/wp-content\/uploads\/2024\/09\/IMG_4058-1152x1536.jpeg 1152w, https:\/\/lasuze-catholique.fr\/wp-content\/uploads\/2024\/09\/IMG_4058-1536x2048.jpeg 1536w\" sizes=\"auto, (max-width: 1920px) 100vw, 1920px\" \/><\/figure>\n\n\n\n<div class=\"wp-block-group is-vertical is-content-justification-center is-nowrap is-layout-flex wp-container-core-group-is-layout-63bfd6c1 wp-block-group-is-layout-flex\">\n<p class=\"has-text-align-center has-small-font-size\"><strong><strong>Victor MOUNIANMAN<\/strong><\/strong><\/p>\n\n\n\n<p class=\"has-text-align-center has-small-font-size\">La Suze<\/p>\n<\/div>\n<\/div>\n\n\n\n<div class=\"wp-block-column is-layout-flow wp-block-column-is-layout-flow\">\n<figure class=\"wp-block-image size-full is-style-rounded is-style-rounded--24\"><img loading=\"lazy\" decoding=\"async\" width=\"1920\" height=\"2560\" src=\"https:\/\/lasuze-catholique.fr\/wp-content\/uploads\/2025\/08\/IMG_8217-scaled.jpeg\" alt=\"\" class=\"wp-image-934\" style=\"aspect-ratio:1;object-fit:cover\" srcset=\"https:\/\/lasuze-catholique.fr\/wp-content\/uploads\/2025\/08\/IMG_8217-scaled.jpeg 1920w, https:\/\/lasuze-catholique.fr\/wp-content\/uploads\/2025\/08\/IMG_8217-225x300.jpeg 225w, https:\/\/lasuze-catholique.fr\/wp-content\/uploads\/2025\/08\/IMG_8217-768x1024.jpeg 768w, https:\/\/lasuze-catholique.fr\/wp-content\/uploads\/2025\/08\/IMG_8217-1152x1536.jpeg 1152w, https:\/\/lasuze-catholique.fr\/wp-content\/uploads\/2025\/08\/IMG_8217-1536x2048.jpeg 1536w\" sizes=\"auto, (max-width: 1920px) 100vw, 1920px\" \/><\/figure>\n\n\n\n<div class=\"wp-block-group is-vertical is-content-justification-center is-nowrap is-layout-flex wp-container-core-group-is-layout-21d4e958 wp-block-group-is-layout-flex\">\n<p class=\"has-text-align-center has-small-font-size\"><strong>Jacky DROUET<\/strong><\/p>\n\n\n\n<p class=\"has-text-align-center has-small-font-size\">C\u00e9rans-Foulletourte<\/p>\n<\/div>\n<\/div>\n<\/div>\n<\/div>\n\n\n\n<div class=\"wp-block-group alignfull has-global-padding is-layout-constrained wp-container-core-group-is-layout-669513ed wp-block-group-is-layout-constrained\" style=\"margin-top:0;margin-bottom:0;padding-top:var(--wp--preset--spacing--50);padding-right:var(--wp--preset--spacing--50);padding-bottom:var(--wp--preset--spacing--50);padding-left:var(--wp--preset--spacing--50)\">\n<div class=\"wp-block-group is-vertical is-content-justification-center is-layout-flex wp-container-core-group-is-layout-ce155fab wp-block-group-is-layout-flex\">\n<h2 class=\"wp-block-heading has-text-align-center has-xx-large-font-size\" style=\"font-style:normal;font-weight:600\"><mark style=\"background-color:rgba(0, 0, 0, 0)\" class=\"has-inline-color has-accent-color\">Les notaires paroissiaux<\/mark><\/h2>\n\n\n\n<p class=\"has-text-align-center\">Les notaires paroissiaux ont la charge d&rsquo;\u00e9tablir les registres des bapt\u00eames, mariages et fun\u00e9railles. Les communions, professions de foi et confirmations sont \u00e9galement notifi\u00e9es. Les notaires paroissiaux sont nomm\u00e9s par le cur\u00e9 et exerce leur mission b\u00e9n\u00e9volement. Ils sont seuls autoris\u00e9s, avec le cur\u00e9, \u00e0 consulter et compl\u00e9ter les registres ainsi qu&rsquo;\u00e0 \u00e9tablir les copies d&rsquo;actes.<\/p>\n<\/div>\n\n\n\n<div style=\"height:var(--wp--preset--spacing--30)\" aria-hidden=\"true\" class=\"wp-block-spacer\"><\/div>\n\n\n\n<div class=\"wp-block-columns alignwide is-layout-flex wp-container-core-columns-is-layout-4935966c wp-block-columns-is-layout-flex\" style=\"padding-right:0;padding-left:0\">\n<div class=\"wp-block-column is-layout-flow wp-block-column-is-layout-flow\">\n<figure class=\"wp-block-image size-full is-style-rounded is-style-rounded--25\"><img loading=\"lazy\" decoding=\"async\" width=\"800\" height=\"533\" src=\"http:\/\/lasuze-catholique.fr\/wp-content\/uploads\/2026\/02\/LOGO_ECS_Paroisse-Notre-Dame-de-La-Suze.png\" alt=\"\" class=\"wp-image-1256\" style=\"aspect-ratio:1;object-fit:cover\" srcset=\"https:\/\/lasuze-catholique.fr\/wp-content\/uploads\/2026\/02\/LOGO_ECS_Paroisse-Notre-Dame-de-La-Suze.png 800w, https:\/\/lasuze-catholique.fr\/wp-content\/uploads\/2026\/02\/LOGO_ECS_Paroisse-Notre-Dame-de-La-Suze-300x200.png 300w, https:\/\/lasuze-catholique.fr\/wp-content\/uploads\/2026\/02\/LOGO_ECS_Paroisse-Notre-Dame-de-La-Suze-768x512.png 768w\" sizes=\"auto, (max-width: 800px) 100vw, 800px\" \/><\/figure>\n\n\n\n<div class=\"wp-block-group is-vertical is-content-justification-center is-nowrap is-layout-flex wp-container-core-group-is-layout-21d4e958 wp-block-group-is-layout-flex\">\n<p class=\"has-text-align-center has-small-font-size\"><strong>Marie-Christine BOLLOC&rsquo;H<\/strong><\/p>\n\n\n\n<p class=\"has-text-align-center has-small-font-size\">La Suze<\/p>\n<\/div>\n\n\n\n<figure class=\"wp-block-image size-full is-style-rounded is-style-rounded--26\"><img loading=\"lazy\" decoding=\"async\" width=\"800\" height=\"533\" src=\"http:\/\/lasuze-catholique.fr\/wp-content\/uploads\/2026\/02\/LOGO_ECS_Paroisse-Notre-Dame-de-La-Suze.png\" alt=\"\" class=\"wp-image-1256\" style=\"aspect-ratio:1;object-fit:cover\" srcset=\"https:\/\/lasuze-catholique.fr\/wp-content\/uploads\/2026\/02\/LOGO_ECS_Paroisse-Notre-Dame-de-La-Suze.png 800w, https:\/\/lasuze-catholique.fr\/wp-content\/uploads\/2026\/02\/LOGO_ECS_Paroisse-Notre-Dame-de-La-Suze-300x200.png 300w, https:\/\/lasuze-catholique.fr\/wp-content\/uploads\/2026\/02\/LOGO_ECS_Paroisse-Notre-Dame-de-La-Suze-768x512.png 768w\" sizes=\"auto, (max-width: 800px) 100vw, 800px\" \/><\/figure>\n\n\n\n<div class=\"wp-block-group is-vertical is-content-justification-center is-nowrap is-layout-flex wp-container-core-group-is-layout-21d4e958 wp-block-group-is-layout-flex\">\n<p class=\"has-text-align-center has-small-font-size\"><strong>Paul GLEIZE<\/strong><\/p>\n\n\n\n<p class=\"has-text-align-center has-small-font-size\">Gu\u00e9c\u00e9lard<\/p>\n<\/div>\n<\/div>\n\n\n\n<div class=\"wp-block-column is-layout-flow wp-block-column-is-layout-flow\">\n<figure class=\"wp-block-image size-full is-style-rounded is-style-rounded--27\"><img loading=\"lazy\" decoding=\"async\" width=\"800\" height=\"533\" src=\"http:\/\/lasuze-catholique.fr\/wp-content\/uploads\/2026\/02\/LOGO_ECS_Paroisse-Notre-Dame-de-La-Suze.png\" alt=\"\" class=\"wp-image-1256\" style=\"aspect-ratio:1;object-fit:cover\" srcset=\"https:\/\/lasuze-catholique.fr\/wp-content\/uploads\/2026\/02\/LOGO_ECS_Paroisse-Notre-Dame-de-La-Suze.png 800w, https:\/\/lasuze-catholique.fr\/wp-content\/uploads\/2026\/02\/LOGO_ECS_Paroisse-Notre-Dame-de-La-Suze-300x200.png 300w, https:\/\/lasuze-catholique.fr\/wp-content\/uploads\/2026\/02\/LOGO_ECS_Paroisse-Notre-Dame-de-La-Suze-768x512.png 768w\" sizes=\"auto, (max-width: 800px) 100vw, 800px\" \/><\/figure>\n\n\n\n<div class=\"wp-block-group is-vertical is-content-justification-center is-nowrap is-layout-flex wp-container-core-group-is-layout-63bfd6c1 wp-block-group-is-layout-flex\">\n<p class=\"has-text-align-center has-small-font-size\"><strong>V\u00e9ronique LACOMBE<\/strong><\/p>\n\n\n\n<p class=\"has-text-align-center has-small-font-size\">Parign\u00e9-le-P\u00f4lin<\/p>\n<\/div>\n\n\n\n<figure class=\"wp-block-image size-full is-style-rounded is-style-rounded--28\"><img loading=\"lazy\" decoding=\"async\" width=\"1920\" height=\"2560\" src=\"http:\/\/lasuze-catholique.fr\/wp-content\/uploads\/2025\/11\/IMG_4711-scaled.jpeg\" alt=\"\" class=\"wp-image-1087\" style=\"aspect-ratio:1;object-fit:cover\" srcset=\"https:\/\/lasuze-catholique.fr\/wp-content\/uploads\/2025\/11\/IMG_4711-scaled.jpeg 1920w, https:\/\/lasuze-catholique.fr\/wp-content\/uploads\/2025\/11\/IMG_4711-225x300.jpeg 225w, https:\/\/lasuze-catholique.fr\/wp-content\/uploads\/2025\/11\/IMG_4711-768x1024.jpeg 768w, https:\/\/lasuze-catholique.fr\/wp-content\/uploads\/2025\/11\/IMG_4711-1152x1536.jpeg 1152w, https:\/\/lasuze-catholique.fr\/wp-content\/uploads\/2025\/11\/IMG_4711-1536x2048.jpeg 1536w\" sizes=\"auto, (max-width: 1920px) 100vw, 1920px\" \/><\/figure>\n\n\n\n<div class=\"wp-block-group is-vertical is-content-justification-center is-nowrap is-layout-flex wp-container-core-group-is-layout-63bfd6c1 wp-block-group-is-layout-flex\">\n<p class=\"has-text-align-center has-small-font-size\"><strong>Dominique MEILLANT<\/strong><\/p>\n\n\n\n<p class=\"has-text-align-center has-small-font-size\">C\u00e9rans-Foulletourte<\/p>\n<\/div>\n<\/div>\n\n\n\n<div class=\"wp-block-column is-layout-flow wp-block-column-is-layout-flow\">\n<figure class=\"wp-block-image size-full is-style-rounded is-style-rounded--29\"><img loading=\"lazy\" decoding=\"async\" width=\"800\" height=\"533\" src=\"http:\/\/lasuze-catholique.fr\/wp-content\/uploads\/2026\/02\/LOGO_ECS_Paroisse-Notre-Dame-de-La-Suze.png\" alt=\"\" class=\"wp-image-1256\" style=\"aspect-ratio:1;object-fit:cover\" srcset=\"https:\/\/lasuze-catholique.fr\/wp-content\/uploads\/2026\/02\/LOGO_ECS_Paroisse-Notre-Dame-de-La-Suze.png 800w, https:\/\/lasuze-catholique.fr\/wp-content\/uploads\/2026\/02\/LOGO_ECS_Paroisse-Notre-Dame-de-La-Suze-300x200.png 300w, https:\/\/lasuze-catholique.fr\/wp-content\/uploads\/2026\/02\/LOGO_ECS_Paroisse-Notre-Dame-de-La-Suze-768x512.png 768w\" sizes=\"auto, (max-width: 800px) 100vw, 800px\" \/><\/figure>\n\n\n\n<div class=\"wp-block-group is-vertical is-content-justification-center is-nowrap is-layout-flex wp-container-core-group-is-layout-63bfd6c1 wp-block-group-is-layout-flex\">\n<p class=\"has-text-align-center has-small-font-size\"><strong>Daniel LIZE<\/strong><\/p>\n\n\n\n<p class=\"has-text-align-center has-small-font-size\">Spay<\/p>\n<\/div>\n\n\n\n<figure class=\"wp-block-image size-full is-style-rounded is-style-rounded--30\"><img loading=\"lazy\" decoding=\"async\" width=\"800\" height=\"533\" src=\"http:\/\/lasuze-catholique.fr\/wp-content\/uploads\/2026\/02\/LOGO_ECS_Paroisse-Notre-Dame-de-La-Suze.png\" alt=\"\" class=\"wp-image-1256\" style=\"aspect-ratio:1;object-fit:cover\" srcset=\"https:\/\/lasuze-catholique.fr\/wp-content\/uploads\/2026\/02\/LOGO_ECS_Paroisse-Notre-Dame-de-La-Suze.png 800w, https:\/\/lasuze-catholique.fr\/wp-content\/uploads\/2026\/02\/LOGO_ECS_Paroisse-Notre-Dame-de-La-Suze-300x200.png 300w, https:\/\/lasuze-catholique.fr\/wp-content\/uploads\/2026\/02\/LOGO_ECS_Paroisse-Notre-Dame-de-La-Suze-768x512.png 768w\" sizes=\"auto, (max-width: 800px) 100vw, 800px\" \/><\/figure>\n\n\n\n<div class=\"wp-block-group is-vertical is-content-justification-center is-nowrap is-layout-flex wp-container-core-group-is-layout-63bfd6c1 wp-block-group-is-layout-flex\">\n<p class=\"has-text-align-center has-small-font-size\"><strong>Armelle MOUTIER<\/strong><\/p>\n\n\n\n<p class=\"has-text-align-center has-small-font-size\">C\u00e9rans-Foulletourte<\/p>\n<\/div>\n<\/div>\n<\/div>\n<\/div>\n\n\n\n<p><\/p>\n","protected":false},"excerpt":{"rendered":"<p>Une paroisse qui r\u00e9unit les chr\u00e9tiens de 17 communes La paroisse Notre-Dame de La Suze est compos\u00e9e des communes suivantes : La Suze-sur-Sarthe \u2013 Saint-Jean-du-Bois \u2013 Ferc\u00e9-sur-Sarthe Fill\u00e9-sur-Sarthe \u2013 Gu\u00e9c\u00e9lard \u2013 Spay \u2013 Parign\u00e9-le-P\u00f4lin C\u00e9rans-Foulletourte \u2013 La Fontaine-Saint-Martin \u2013 Oiz\u00e9 \u2013 Yvr\u00e9-le-P\u00f4lin Louplande \u2013 Chemir\u00e9-le-Gaudin \u2013 \u00c9tival \u2013Soulign\u00e9-Flac\u00e9 \u2013 Voivres-l\u00e8s-Le-Mans Ro\u00ebz\u00e9. Cette paroisse est desservie [&hellip;]<\/p>\n","protected":false},"author":2,"featured_media":0,"parent":0,"menu_order":0,"comment_status":"closed","ping_status":"closed","template":"","meta":{"footnotes":""},"class_list":["post-171","page","type-page","status-publish","hentry"],"_links":{"self":[{"href":"https:\/\/lasuze-catholique.fr\/index.php?rest_route=\/wp\/v2\/pages\/171","targetHints":{"allow":["GET"]}}],"collection":[{"href":"https:\/\/lasuze-catholique.fr\/index.php?rest_route=\/wp\/v2\/pages"}],"about":[{"href":"https:\/\/lasuze-catholique.fr\/index.php?rest_route=\/wp\/v2\/types\/page"}],"author":[{"embeddable":true,"href":"https:\/\/lasuze-catholique.fr\/index.php?rest_route=\/wp\/v2\/users\/2"}],"replies":[{"embeddable":true,"href":"https:\/\/lasuze-catholique.fr\/index.php?rest_route=%2Fwp%2Fv2%2Fcomments&post=171"}],"version-history":[{"count":63,"href":"https:\/\/lasuze-catholique.fr\/index.php?rest_route=\/wp\/v2\/pages\/171\/revisions"}],"predecessor-version":[{"id":1275,"href":"https:\/\/lasuze-catholique.fr\/index.php?rest_route=\/wp\/v2\/pages\/171\/revisions\/1275"}],"wp:attachment":[{"href":"https:\/\/lasuze-catholique.fr\/index.php?rest_route=%2Fwp%2Fv2%2Fmedia&parent=171"}],"curies":[{"name":"wp","href":"https:\/\/api.w.org\/{rel}","templated":true}]}}