{"id":196,"date":"2024-08-08T10:26:13","date_gmt":"2024-08-08T08:26:13","guid":{"rendered":"https:\/\/lasuze-catholique.fr\/?page_id=196"},"modified":"2025-11-07T13:16:12","modified_gmt":"2025-11-07T12:16:12","slug":"les-grandes-etapes-de-la-vie-chretienne","status":"publish","type":"page","link":"https:\/\/lasuze-catholique.fr\/?page_id=196","title":{"rendered":"Les grandes \u00e9tapes de la vie chr\u00e9tienne"},"content":{"rendered":"\n<div class=\"wp-block-group alignfull has-accent-2-background-color has-background has-global-padding is-layout-constrained wp-container-core-group-is-layout-669513ed wp-block-group-is-layout-constrained\" style=\"margin-top:0;margin-bottom:0;padding-top:var(--wp--preset--spacing--50);padding-right:var(--wp--preset--spacing--50);padding-bottom:var(--wp--preset--spacing--50);padding-left:var(--wp--preset--spacing--50)\">\n<h2 class=\"wp-block-heading has-text-align-center has-accent-color has-text-color has-link-color wp-elements-66f3ad5e57d6980e25d52cd72211ae94\" style=\"font-style:normal;font-weight:600\">Les sacrements de l&rsquo;initiation chr\u00e9tienne<\/h2>\n\n\n\n<div class=\"wp-block-columns alignwide is-layout-flex wp-container-core-columns-is-layout-d0bbbce0 wp-block-columns-is-layout-flex\">\n<div class=\"wp-block-column is-layout-flow wp-container-core-column-is-layout-e3d1c41b wp-block-column-is-layout-flow\">\n<figure class=\"wp-block-image size-large\"><img loading=\"lazy\" decoding=\"async\" width=\"1024\" height=\"768\" src=\"https:\/\/lasuze-catholique.fr\/wp-content\/uploads\/2025\/11\/5309-1024x768.jpg\" alt=\"\" class=\"wp-image-1034\" srcset=\"https:\/\/lasuze-catholique.fr\/wp-content\/uploads\/2025\/11\/5309-1024x768.jpg 1024w, https:\/\/lasuze-catholique.fr\/wp-content\/uploads\/2025\/11\/5309-300x225.jpg 300w, https:\/\/lasuze-catholique.fr\/wp-content\/uploads\/2025\/11\/5309-768x576.jpg 768w, https:\/\/lasuze-catholique.fr\/wp-content\/uploads\/2025\/11\/5309.jpg 1176w\" sizes=\"auto, (max-width: 1024px) 100vw, 1024px\" \/><\/figure>\n\n\n\n<div class=\"wp-block-buttons is-content-justification-center is-layout-flex wp-container-core-buttons-is-layout-a89b3969 wp-block-buttons-is-layout-flex\">\n<div class=\"wp-block-button\"><a class=\"wp-block-button__link has-text-align-center wp-element-button\" href=\"https:\/\/lasuze-catholique.fr\/?page_id=32\">Le Bapt\u00eame<\/a><\/div>\n<\/div>\n<\/div>\n\n\n\n<div class=\"wp-block-column is-layout-flow wp-container-core-column-is-layout-e3d1c41b wp-block-column-is-layout-flow\">\n<figure class=\"wp-block-image size-large\"><img loading=\"lazy\" decoding=\"async\" width=\"1024\" height=\"768\" src=\"https:\/\/lasuze-catholique.fr\/wp-content\/uploads\/2025\/11\/52a25812-1b94-4665-9069-afcc25ceb522-1024x768.jpg\" alt=\"\" class=\"wp-image-1036\" srcset=\"https:\/\/lasuze-catholique.fr\/wp-content\/uploads\/2025\/11\/52a25812-1b94-4665-9069-afcc25ceb522-1024x768.jpg 1024w, https:\/\/lasuze-catholique.fr\/wp-content\/uploads\/2025\/11\/52a25812-1b94-4665-9069-afcc25ceb522-300x225.jpg 300w, https:\/\/lasuze-catholique.fr\/wp-content\/uploads\/2025\/11\/52a25812-1b94-4665-9069-afcc25ceb522-768x576.jpg 768w, https:\/\/lasuze-catholique.fr\/wp-content\/uploads\/2025\/11\/52a25812-1b94-4665-9069-afcc25ceb522.jpg 1254w\" sizes=\"auto, (max-width: 1024px) 100vw, 1024px\" \/><\/figure>\n\n\n\n<div class=\"wp-block-buttons is-content-justification-center is-layout-flex wp-container-core-buttons-is-layout-a89b3969 wp-block-buttons-is-layout-flex\">\n<div class=\"wp-block-button\"><a class=\"wp-block-button__link has-text-align-center wp-element-button\" href=\"https:\/\/lasuze-catholique.fr\/?page_id=235\">La confirmation<\/a><\/div>\n<\/div>\n<\/div>\n\n\n\n<div class=\"wp-block-column is-layout-flow wp-container-core-column-is-layout-e3d1c41b wp-block-column-is-layout-flow\">\n<figure class=\"wp-block-image size-large\"><img loading=\"lazy\" decoding=\"async\" width=\"1024\" height=\"679\" src=\"https:\/\/lasuze-catholique.fr\/wp-content\/uploads\/2025\/11\/DSC_1759-1024x679.jpg\" alt=\"\" class=\"wp-image-1038\" srcset=\"https:\/\/lasuze-catholique.fr\/wp-content\/uploads\/2025\/11\/DSC_1759-1024x679.jpg 1024w, https:\/\/lasuze-catholique.fr\/wp-content\/uploads\/2025\/11\/DSC_1759-300x199.jpg 300w, https:\/\/lasuze-catholique.fr\/wp-content\/uploads\/2025\/11\/DSC_1759-768x509.jpg 768w, https:\/\/lasuze-catholique.fr\/wp-content\/uploads\/2025\/11\/DSC_1759-1536x1019.jpg 1536w, https:\/\/lasuze-catholique.fr\/wp-content\/uploads\/2025\/11\/DSC_1759-2048x1358.jpg 2048w\" sizes=\"auto, (max-width: 1024px) 100vw, 1024px\" \/><\/figure>\n\n\n\n<div class=\"wp-block-buttons is-content-justification-center is-layout-flex wp-container-core-buttons-is-layout-a89b3969 wp-block-buttons-is-layout-flex\">\n<div class=\"wp-block-button\"><a class=\"wp-block-button__link has-text-align-center wp-element-button\" href=\"https:\/\/lasuze-catholique.fr\/?page_id=262\">L&rsquo;Eucharistie<\/a><\/div>\n<\/div>\n<\/div>\n<\/div>\n<\/div>\n\n\n\n<div class=\"wp-block-group alignfull has-base-background-color has-background has-global-padding is-layout-constrained wp-container-core-group-is-layout-669513ed wp-block-group-is-layout-constrained\" style=\"margin-top:0;margin-bottom:0;padding-top:var(--wp--preset--spacing--50);padding-right:var(--wp--preset--spacing--50);padding-bottom:var(--wp--preset--spacing--50);padding-left:var(--wp--preset--spacing--50)\">\n<h2 class=\"wp-block-heading has-text-align-center has-accent-color has-text-color has-link-color wp-elements-9c73f82fe72c0eb0243161adfb0d85ef\" style=\"font-style:normal;font-weight:600\">Les sacrements de l&rsquo;engagement<\/h2>\n\n\n\n<div class=\"wp-block-columns alignwide is-layout-flex wp-container-core-columns-is-layout-d0bbbce0 wp-block-columns-is-layout-flex\">\n<div class=\"wp-block-column is-layout-flow wp-container-core-column-is-layout-e3d1c41b wp-block-column-is-layout-flow\">\n<figure class=\"wp-block-image size-full\"><img loading=\"lazy\" decoding=\"async\" width=\"1020\" height=\"698\" src=\"https:\/\/lasuze-catholique.fr\/wp-content\/uploads\/2025\/11\/IMG_3907.jpeg\" alt=\"\" class=\"wp-image-1040\" srcset=\"https:\/\/lasuze-catholique.fr\/wp-content\/uploads\/2025\/11\/IMG_3907.jpeg 1020w, https:\/\/lasuze-catholique.fr\/wp-content\/uploads\/2025\/11\/IMG_3907-300x205.jpeg 300w, https:\/\/lasuze-catholique.fr\/wp-content\/uploads\/2025\/11\/IMG_3907-768x526.jpeg 768w\" sizes=\"auto, (max-width: 1020px) 100vw, 1020px\" \/><\/figure>\n\n\n\n<div class=\"wp-block-buttons is-content-justification-center is-layout-flex wp-container-core-buttons-is-layout-a89b3969 wp-block-buttons-is-layout-flex\">\n<div class=\"wp-block-button\"><a class=\"wp-block-button__link has-text-align-center wp-element-button\" href=\"https:\/\/lasuze-catholique.fr\/?page_id=382\">Le mariage<\/a><\/div>\n<\/div>\n<\/div>\n\n\n\n<div class=\"wp-block-column is-layout-flow wp-container-core-column-is-layout-e3d1c41b wp-block-column-is-layout-flow\">\n<figure class=\"wp-block-image size-large\"><img loading=\"lazy\" decoding=\"async\" width=\"1024\" height=\"684\" src=\"https:\/\/lasuze-catholique.fr\/wp-content\/uploads\/2024\/10\/2013-06-30-Ordination-1-1024x684.jpg\" alt=\"\" class=\"wp-image-510\" srcset=\"https:\/\/lasuze-catholique.fr\/wp-content\/uploads\/2024\/10\/2013-06-30-Ordination-1-1024x684.jpg 1024w, https:\/\/lasuze-catholique.fr\/wp-content\/uploads\/2024\/10\/2013-06-30-Ordination-1-300x200.jpg 300w, https:\/\/lasuze-catholique.fr\/wp-content\/uploads\/2024\/10\/2013-06-30-Ordination-1-768x513.jpg 768w, https:\/\/lasuze-catholique.fr\/wp-content\/uploads\/2024\/10\/2013-06-30-Ordination-1-1536x1025.jpg 1536w, https:\/\/lasuze-catholique.fr\/wp-content\/uploads\/2024\/10\/2013-06-30-Ordination-1-2048x1367.jpg 2048w\" sizes=\"auto, (max-width: 1024px) 100vw, 1024px\" \/><\/figure>\n\n\n\n<div class=\"wp-block-buttons is-content-justification-center is-layout-flex wp-container-core-buttons-is-layout-a89b3969 wp-block-buttons-is-layout-flex\">\n<div class=\"wp-block-button\"><a class=\"wp-block-button__link has-text-align-center wp-element-button\" href=\"https:\/\/lasuze-catholique.fr\/?page_id=457\">L&rsquo;ordination des pr\u00eatres<\/a><\/div>\n<\/div>\n<\/div>\n\n\n\n<div class=\"wp-block-column is-layout-flow wp-container-core-column-is-layout-e3d1c41b wp-block-column-is-layout-flow\">\n<figure class=\"wp-block-image size-full\"><img loading=\"lazy\" decoding=\"async\" width=\"929\" height=\"697\" src=\"https:\/\/lasuze-catholique.fr\/wp-content\/uploads\/2025\/11\/Image.jpg\" alt=\"\" class=\"wp-image-1041\" srcset=\"https:\/\/lasuze-catholique.fr\/wp-content\/uploads\/2025\/11\/Image.jpg 929w, https:\/\/lasuze-catholique.fr\/wp-content\/uploads\/2025\/11\/Image-300x225.jpg 300w, https:\/\/lasuze-catholique.fr\/wp-content\/uploads\/2025\/11\/Image-768x576.jpg 768w\" sizes=\"auto, (max-width: 929px) 100vw, 929px\" \/><\/figure>\n\n\n\n<div class=\"wp-block-buttons is-content-justification-center is-layout-flex wp-container-core-buttons-is-layout-a89b3969 wp-block-buttons-is-layout-flex\">\n<div class=\"wp-block-button\"><a class=\"wp-block-button__link has-text-align-center wp-element-button\" href=\"https:\/\/lasuze-catholique.fr\/?page_id=464\">Et la vie religieuse ?<\/a><\/div>\n<\/div>\n<\/div>\n<\/div>\n<\/div>\n\n\n\n<div class=\"wp-block-group alignfull has-accent-2-background-color has-background has-global-padding is-layout-constrained wp-container-core-group-is-layout-669513ed wp-block-group-is-layout-constrained\" style=\"margin-top:0;margin-bottom:0;padding-top:var(--wp--preset--spacing--50);padding-right:var(--wp--preset--spacing--50);padding-bottom:var(--wp--preset--spacing--50);padding-left:var(--wp--preset--spacing--50)\">\n<h2 class=\"wp-block-heading has-text-align-center has-accent-color has-text-color has-link-color wp-elements-a46e15efc89fc988f3c3b112880db8af\" style=\"font-style:normal;font-weight:600\">Les sacrements de gu\u00e9rison et les fun\u00e9railles chr\u00e9tiennes<\/h2>\n\n\n\n<div class=\"wp-block-columns alignwide is-layout-flex wp-container-core-columns-is-layout-d0bbbce0 wp-block-columns-is-layout-flex\">\n<div class=\"wp-block-column is-layout-flow wp-container-core-column-is-layout-e3d1c41b wp-block-column-is-layout-flow\">\n<figure class=\"wp-block-image size-large\"><img loading=\"lazy\" decoding=\"async\" width=\"1024\" height=\"648\" src=\"https:\/\/lasuze-catholique.fr\/wp-content\/uploads\/2024\/08\/IMG_3628-1-1024x648.jpeg\" alt=\"\" class=\"wp-image-139\" srcset=\"https:\/\/lasuze-catholique.fr\/wp-content\/uploads\/2024\/08\/IMG_3628-1-1024x648.jpeg 1024w, https:\/\/lasuze-catholique.fr\/wp-content\/uploads\/2024\/08\/IMG_3628-1-300x190.jpeg 300w, https:\/\/lasuze-catholique.fr\/wp-content\/uploads\/2024\/08\/IMG_3628-1-768x486.jpeg 768w, https:\/\/lasuze-catholique.fr\/wp-content\/uploads\/2024\/08\/IMG_3628-1-1536x972.jpeg 1536w, https:\/\/lasuze-catholique.fr\/wp-content\/uploads\/2024\/08\/IMG_3628-1-2048x1296.jpeg 2048w\" sizes=\"auto, (max-width: 1024px) 100vw, 1024px\" \/><\/figure>\n\n\n\n<div class=\"wp-block-buttons is-content-justification-center is-layout-flex wp-container-core-buttons-is-layout-a89b3969 wp-block-buttons-is-layout-flex\">\n<div class=\"wp-block-button\"><a class=\"wp-block-button__link has-text-align-center wp-element-button\" href=\"https:\/\/lasuze-catholique.fr\/?page_id=470\">La confession<\/a><\/div>\n<\/div>\n<\/div>\n\n\n\n<div class=\"wp-block-column is-layout-flow wp-container-core-column-is-layout-e3d1c41b wp-block-column-is-layout-flow\">\n<figure class=\"wp-block-image size-large\"><img loading=\"lazy\" decoding=\"async\" width=\"1024\" height=\"768\" src=\"https:\/\/lasuze-catholique.fr\/wp-content\/uploads\/2025\/11\/IMG_8756-1024x768.jpeg\" alt=\"\" class=\"wp-image-1043\" srcset=\"https:\/\/lasuze-catholique.fr\/wp-content\/uploads\/2025\/11\/IMG_8756-1024x768.jpeg 1024w, https:\/\/lasuze-catholique.fr\/wp-content\/uploads\/2025\/11\/IMG_8756-300x225.jpeg 300w, https:\/\/lasuze-catholique.fr\/wp-content\/uploads\/2025\/11\/IMG_8756-768x576.jpeg 768w, https:\/\/lasuze-catholique.fr\/wp-content\/uploads\/2025\/11\/IMG_8756-1536x1152.jpeg 1536w, https:\/\/lasuze-catholique.fr\/wp-content\/uploads\/2025\/11\/IMG_8756-2048x1536.jpeg 2048w\" sizes=\"auto, (max-width: 1024px) 100vw, 1024px\" \/><\/figure>\n\n\n\n<div class=\"wp-block-buttons is-content-justification-center is-layout-flex wp-container-core-buttons-is-layout-a89b3969 wp-block-buttons-is-layout-flex\">\n<div class=\"wp-block-button\"><a class=\"wp-block-button__link has-text-align-center wp-element-button\" href=\"https:\/\/lasuze-catholique.fr\/?page_id=472\">L&rsquo;onction des malades<\/a><\/div>\n<\/div>\n<\/div>\n\n\n\n<div class=\"wp-block-column is-layout-flow wp-container-core-column-is-layout-e3d1c41b wp-block-column-is-layout-flow\">\n<figure class=\"wp-block-image size-large\"><img loading=\"lazy\" decoding=\"async\" width=\"1024\" height=\"648\" src=\"http:\/\/lasuze-catholique.fr\/wp-content\/uploads\/2024\/08\/IMG_3628-1-1024x648.jpeg\" alt=\"\" class=\"wp-image-139\" srcset=\"https:\/\/lasuze-catholique.fr\/wp-content\/uploads\/2024\/08\/IMG_3628-1-1024x648.jpeg 1024w, https:\/\/lasuze-catholique.fr\/wp-content\/uploads\/2024\/08\/IMG_3628-1-300x190.jpeg 300w, https:\/\/lasuze-catholique.fr\/wp-content\/uploads\/2024\/08\/IMG_3628-1-768x486.jpeg 768w, https:\/\/lasuze-catholique.fr\/wp-content\/uploads\/2024\/08\/IMG_3628-1-1536x972.jpeg 1536w, https:\/\/lasuze-catholique.fr\/wp-content\/uploads\/2024\/08\/IMG_3628-1-2048x1296.jpeg 2048w\" sizes=\"auto, (max-width: 1024px) 100vw, 1024px\" \/><\/figure>\n\n\n\n<div class=\"wp-block-buttons is-content-justification-center is-layout-flex wp-container-core-buttons-is-layout-a89b3969 wp-block-buttons-is-layout-flex\">\n<div class=\"wp-block-button\"><a class=\"wp-block-button__link has-text-align-center wp-element-button\" href=\"https:\/\/lasuze-catholique.fr\/?page_id=475\">Les fun\u00e9railles<\/a><\/div>\n<\/div>\n<\/div>\n<\/div>\n<\/div>\n\n\n\n<p><\/p>\n","protected":false},"excerpt":{"rendered":"<p>Les sacrements de l&rsquo;initiation chr\u00e9tienne Les sacrements de l&rsquo;engagement Les sacrements de gu\u00e9rison et les fun\u00e9railles chr\u00e9tiennes<\/p>\n","protected":false},"author":2,"featured_media":0,"parent":0,"menu_order":0,"comment_status":"closed","ping_status":"closed","template":"","meta":{"footnotes":""},"class_list":["post-196","page","type-page","status-publish","hentry"],"_links":{"self":[{"href":"https:\/\/lasuze-catholique.fr\/index.php?rest_route=\/wp\/v2\/pages\/196","targetHints":{"allow":["GET"]}}],"collection":[{"href":"https:\/\/lasuze-catholique.fr\/index.php?rest_route=\/wp\/v2\/pages"}],"about":[{"href":"https:\/\/lasuze-catholique.fr\/index.php?rest_route=\/wp\/v2\/types\/page"}],"author":[{"embeddable":true,"href":"https:\/\/lasuze-catholique.fr\/index.php?rest_route=\/wp\/v2\/users\/2"}],"replies":[{"embeddable":true,"href":"https:\/\/lasuze-catholique.fr\/index.php?rest_route=%2Fwp%2Fv2%2Fcomments&post=196"}],"version-history":[{"count":19,"href":"https:\/\/lasuze-catholique.fr\/index.php?rest_route=\/wp\/v2\/pages\/196\/revisions"}],"predecessor-version":[{"id":1044,"href":"https:\/\/lasuze-catholique.fr\/index.php?rest_route=\/wp\/v2\/pages\/196\/revisions\/1044"}],"wp:attachment":[{"href":"https:\/\/lasuze-catholique.fr\/index.php?rest_route=%2Fwp%2Fv2%2Fmedia&parent=196"}],"curies":[{"name":"wp","href":"https:\/\/api.w.org\/{rel}","templated":true}]}}