{"id":217,"date":"2024-08-12T17:42:45","date_gmt":"2024-08-12T15:42:45","guid":{"rendered":"https:\/\/lasuze-catholique.fr\/?page_id=217"},"modified":"2026-02-06T14:35:44","modified_gmt":"2026-02-06T13:35:44","slug":"jeunes","status":"publish","type":"page","link":"https:\/\/lasuze-catholique.fr\/?page_id=217","title":{"rendered":"Jeunes"},"content":{"rendered":"\n<div class=\"wp-block-group alignfull has-accent-2-background-color has-background has-global-padding is-layout-constrained wp-container-core-group-is-layout-669513ed wp-block-group-is-layout-constrained\" style=\"margin-top:0;margin-bottom:0;padding-top:var(--wp--preset--spacing--50);padding-right:var(--wp--preset--spacing--50);padding-bottom:var(--wp--preset--spacing--50);padding-left:var(--wp--preset--spacing--50)\">\n<div class=\"wp-block-columns alignwide is-layout-flex wp-container-core-columns-is-layout-1da03c2a wp-block-columns-is-layout-flex\">\n<div class=\"wp-block-column is-vertically-aligned-stretch is-layout-flow wp-block-column-is-layout-flow\" style=\"flex-basis:50%\">\n<div class=\"wp-block-group is-vertical is-content-justification-stretch is-layout-flex wp-container-core-group-is-layout-444d5ee8 wp-block-group-is-layout-flex\" style=\"min-height:100%\">\n<p class=\"has-accent-color has-text-color has-link-color has-heading-font-family has-x-large-font-size wp-elements-2d66aca08047b1c4a3125f836494c08d\" style=\"font-style:normal;font-weight:600;line-height:1.2\">L&rsquo;\u00e9veil \u00e0 la foi (3-7 ans)<\/p>\n\n\n\n<p class=\"wp-container-content-9cfa9a5a\" style=\"font-style:normal;font-weight:400\">Quelques dimanches dans l&rsquo;ann\u00e9e, les enfants de 3 \u00e0 7 ans sont accueillis d\u00e8s 9h30 par des b\u00e9n\u00e9voles de la paroisse. <\/p>\n\n\n\n<p class=\"wp-container-content-9cfa9a5a\" style=\"font-style:normal;font-weight:400\">De mani\u00e8re adapt\u00e9e \u00e0 leur \u00e2ge, les enfants d\u00e9couvrent notamment la vie de J\u00e9sus, la pri\u00e8re, ce qui se passe \u00e0 la messe. <\/p>\n\n\n\n<p class=\"wp-container-content-9cfa9a5a\" style=\"font-style:normal;font-weight:400\">Ces temps d&rsquo;\u00e9veil \u00e0 la foi sont \u00e9galement recommand\u00e9s aux enfants de 3 \u00e0 7 ans qui d\u00e9sirent \u00eatre baptis\u00e9s.<\/p>\n\n\n\n<p class=\"wp-container-content-9cfa9a5a\" style=\"font-style:normal;font-weight:400\"><strong>Calendrier: <\/strong>Les prochaines rencontres d\u2019\u00e9veil \u00e0 la foi auront lieu au presbyt\u00e8re de La Suze les dimanches 8 f\u00e9vrier 2026, 12 avril 2026 et 14 juin 2026, de 9h30 \u00e0 10h30. Les familles sont invit\u00e9es \u00e0 poursuivre par la messe \u00e0 11h en l&rsquo;\u00e9glise de La Suze.<\/p>\n\n\n\n<p><strong>Inscription: <\/strong>La participation \u00e0 l&rsquo;\u00e9veil \u00e0 la foi est gratuite et sans engagement. On peut venir \u00e0 une seule s\u00e9ance ou \u00e0 toutes les s\u00e9ances. On peut d\u00e9marrer en cours d&rsquo;ann\u00e9e. Les parents sont invit\u00e9s \u00e0 participer \u00e9galement \u00e0 la rencontre d&rsquo;\u00e9veil \u00e0 la foi avec leur enfant. Une offrande \u00e0 la paroisse est toujours possible.<\/p>\n\n\n\n<p>Responsable : Annie Le Gal.<\/p>\n<\/div>\n<\/div>\n\n\n\n<div class=\"wp-block-column is-vertically-aligned-center is-layout-flow wp-block-column-is-layout-flow\" style=\"flex-basis:50%\">\n<figure class=\"wp-block-image size-large is-style-rounded is-style-rounded--1\"><img loading=\"lazy\" decoding=\"async\" width=\"1024\" height=\"576\" src=\"https:\/\/lasuze-catholique.fr\/wp-content\/uploads\/2024\/08\/IMG_3986-1024x576.jpeg\" alt=\"\" class=\"wp-image-310\" style=\"aspect-ratio:3\/4;object-fit:cover\" srcset=\"https:\/\/lasuze-catholique.fr\/wp-content\/uploads\/2024\/08\/IMG_3986-1024x576.jpeg 1024w, https:\/\/lasuze-catholique.fr\/wp-content\/uploads\/2024\/08\/IMG_3986-300x169.jpeg 300w, https:\/\/lasuze-catholique.fr\/wp-content\/uploads\/2024\/08\/IMG_3986-768x432.jpeg 768w, https:\/\/lasuze-catholique.fr\/wp-content\/uploads\/2024\/08\/IMG_3986-rotated.jpeg 1334w\" sizes=\"auto, (max-width: 1024px) 100vw, 1024px\" \/><\/figure>\n<\/div>\n<\/div>\n<\/div>\n\n\n\n<div class=\"wp-block-group alignfull has-global-padding is-layout-constrained wp-container-core-group-is-layout-669513ed wp-block-group-is-layout-constrained\" style=\"margin-top:0;margin-bottom:0;padding-top:var(--wp--preset--spacing--50);padding-right:var(--wp--preset--spacing--50);padding-bottom:var(--wp--preset--spacing--50);padding-left:var(--wp--preset--spacing--50)\">\n<div class=\"wp-block-columns alignwide is-layout-flex wp-container-core-columns-is-layout-1da03c2a wp-block-columns-is-layout-flex\">\n<div class=\"wp-block-column is-vertically-aligned-center is-layout-flow wp-block-column-is-layout-flow\" style=\"flex-basis:50%\">\n<figure class=\"wp-block-image size-large\"><img loading=\"lazy\" decoding=\"async\" width=\"1024\" height=\"768\" src=\"https:\/\/lasuze-catholique.fr\/wp-content\/uploads\/2024\/09\/IMG_4073-1024x768.jpeg\" alt=\"\" class=\"wp-image-363\" srcset=\"https:\/\/lasuze-catholique.fr\/wp-content\/uploads\/2024\/09\/IMG_4073-1024x768.jpeg 1024w, https:\/\/lasuze-catholique.fr\/wp-content\/uploads\/2024\/09\/IMG_4073-300x225.jpeg 300w, https:\/\/lasuze-catholique.fr\/wp-content\/uploads\/2024\/09\/IMG_4073-768x576.jpeg 768w, https:\/\/lasuze-catholique.fr\/wp-content\/uploads\/2024\/09\/IMG_4073-1536x1152.jpeg 1536w, https:\/\/lasuze-catholique.fr\/wp-content\/uploads\/2024\/09\/IMG_4073-2048x1536.jpeg 2048w\" sizes=\"auto, (max-width: 1024px) 100vw, 1024px\" \/><\/figure>\n<\/div>\n\n\n\n<div class=\"wp-block-column is-vertically-aligned-stretch is-layout-flow wp-block-column-is-layout-flow\" style=\"flex-basis:50%\">\n<div class=\"wp-block-group is-vertical is-content-justification-stretch is-layout-flex wp-container-core-group-is-layout-444d5ee8 wp-block-group-is-layout-flex\" style=\"min-height:100%\">\n<p class=\"has-accent-color has-text-color has-link-color has-heading-font-family has-x-large-font-size wp-elements-53278ccf97b4ba89dc72c40d149163b9\" style=\"font-style:normal;font-weight:700;line-height:1.2\">Le cat\u00e9chisme (CE2 \u00e0 6e)<\/p>\n\n\n\n<p><strong>rentr\u00e9e du cat\u00e9chisme pour tous:<\/strong><\/p>\n\n\n\n<p><strong>dimanche 21 septembre 2025 \u00e0 9h30 au presbyt\u00e8re de La Suze.<\/strong><\/p>\n\n\n\n<p>pour toute question, envoyer un mail \u00e0 la paroisse.<\/p>\n<\/div>\n<\/div>\n<\/div>\n\n\n\n<figure class=\"wp-block-image size-large\"><img loading=\"lazy\" decoding=\"async\" width=\"724\" height=\"1024\" src=\"https:\/\/lasuze-catholique.fr\/wp-content\/uploads\/2025\/08\/Rencontres-de-catechisme-2025-2026-724x1024.jpg\" alt=\"\" class=\"wp-image-921\" srcset=\"https:\/\/lasuze-catholique.fr\/wp-content\/uploads\/2025\/08\/Rencontres-de-catechisme-2025-2026-724x1024.jpg 724w, https:\/\/lasuze-catholique.fr\/wp-content\/uploads\/2025\/08\/Rencontres-de-catechisme-2025-2026-212x300.jpg 212w, https:\/\/lasuze-catholique.fr\/wp-content\/uploads\/2025\/08\/Rencontres-de-catechisme-2025-2026-768x1086.jpg 768w, https:\/\/lasuze-catholique.fr\/wp-content\/uploads\/2025\/08\/Rencontres-de-catechisme-2025-2026-1087x1536.jpg 1087w, https:\/\/lasuze-catholique.fr\/wp-content\/uploads\/2025\/08\/Rencontres-de-catechisme-2025-2026.jpg 1240w\" sizes=\"auto, (max-width: 724px) 100vw, 724px\" \/><\/figure>\n<\/div>\n\n\n\n<div class=\"wp-block-group alignfull has-background has-global-padding is-layout-constrained wp-container-core-group-is-layout-669513ed wp-block-group-is-layout-constrained\" style=\"background-color:#ffe8d7;margin-top:0;margin-bottom:0;padding-top:var(--wp--preset--spacing--50);padding-right:var(--wp--preset--spacing--50);padding-bottom:var(--wp--preset--spacing--50);padding-left:var(--wp--preset--spacing--50)\">\n<div class=\"wp-block-columns alignwide is-layout-flex wp-container-core-columns-is-layout-1da03c2a wp-block-columns-is-layout-flex\">\n<div class=\"wp-block-column is-vertically-aligned-stretch is-layout-flow wp-block-column-is-layout-flow\" style=\"flex-basis:50%\">\n<div class=\"wp-block-group is-vertical is-content-justification-stretch is-layout-flex wp-container-core-group-is-layout-444d5ee8 wp-block-group-is-layout-flex\" style=\"min-height:100%\">\n<p class=\"has-accent-color has-text-color has-link-color has-heading-font-family has-x-large-font-size wp-elements-6ff9e2a23c7d5c9b7b9acce200fc16db\" style=\"font-style:normal;font-weight:600;line-height:1.2\"><strong>L&rsquo;aum\u00f4nerie (5e \u00e0 Terminale)<\/strong><\/p>\n\n\n\n<p class=\"has-contrast-color has-text-color has-link-color wp-elements-29bcf0ba480b5ff9c712c8a1e9b6bf5a wp-container-content-9cfa9a5a\" style=\"font-style:normal;font-weight:400\">Chaque vendredi de 19h \u00e0 22h, les coll\u00e9giens et lyc\u00e9ens sont invit\u00e9s \u00e0 se retrouver au presbyt\u00e8re. (sauf le vendredi 4 octobre et pendant les vacances scolaires)<\/p>\n\n\n\n<p class=\"has-contrast-color has-text-color has-link-color wp-elements-9620d70c9f290a06166d4f3daf8141f0 wp-container-content-9cfa9a5a\">Dans une ambiance fraternelle, les jeunes approfondissent leur foi par des enseignements, des t\u00e9moignages et des jeux.<\/p>\n\n\n\n<p class=\"has-contrast-color has-text-color has-link-color has-medium-font-size wp-elements-1a5494fe6725c747a31c473404342071 wp-container-content-9cfa9a5a\">Chaque rencontre d\u00e9bute par le d\u00eener et se conclut par un temps de pri\u00e8re.<\/p>\n\n\n\n<p class=\"has-contrast-color has-text-color has-link-color wp-elements-261c62e052bb9f41474de2771bcbe148 wp-container-content-9cfa9a5a\">Les jeunes sont invit\u00e9s aussi \u00e0 participer aux propositions du p\u00f4le jeunes du dioc\u00e8se du Mans (p\u00e8lerinage \u00e0 Lourdes, soir\u00e9e Night Fever au Mans, camp v\u00e9lo dioc\u00e9sain&#8230;)<\/p>\n\n\n\n<p><strong>RENTREE DE L&rsquo;AUM\u00d4NERIE : VENDREDI 19 SEPTEMBRE 2025 A 19H AU PRESBYTERE DE LA SUZE.<\/strong><\/p>\n\n\n\n<div class=\"wp-block-buttons is-content-justification-center is-layout-flex wp-container-core-buttons-is-layout-a89b3969 wp-block-buttons-is-layout-flex\">\n<div class=\"wp-block-button\"><a class=\"wp-block-button__link has-border-color has-accent-border-color wp-element-button\" href=\"https:\/\/www.sarthecatholique.fr\/jeunes\/\" style=\"border-width:1px\">Site du P\u00f4le Jeunes du Dioc\u00e8se<\/a><\/div>\n<\/div>\n<\/div>\n<\/div>\n\n\n\n<div class=\"wp-block-column is-vertically-aligned-center is-layout-flow wp-block-column-is-layout-flow\" style=\"flex-basis:50%\">\n<figure class=\"wp-block-image size-large is-style-rounded is-style-rounded--2\"><img loading=\"lazy\" decoding=\"async\" width=\"1024\" height=\"768\" src=\"http:\/\/lasuze-catholique.fr\/wp-content\/uploads\/2024\/09\/Unknown-1024x768.jpeg\" alt=\"\" class=\"wp-image-419\" style=\"aspect-ratio:3\/4;object-fit:cover\" srcset=\"https:\/\/lasuze-catholique.fr\/wp-content\/uploads\/2024\/09\/Unknown-1024x768.jpeg 1024w, https:\/\/lasuze-catholique.fr\/wp-content\/uploads\/2024\/09\/Unknown-300x225.jpeg 300w, https:\/\/lasuze-catholique.fr\/wp-content\/uploads\/2024\/09\/Unknown-768x576.jpeg 768w, https:\/\/lasuze-catholique.fr\/wp-content\/uploads\/2024\/09\/Unknown-1536x1152.jpeg 1536w, https:\/\/lasuze-catholique.fr\/wp-content\/uploads\/2024\/09\/Unknown.jpeg 2016w\" sizes=\"auto, (max-width: 1024px) 100vw, 1024px\" \/><\/figure>\n<\/div>\n<\/div>\n<\/div>\n\n\n\n<div class=\"wp-block-group alignfull has-global-padding is-layout-constrained wp-container-core-group-is-layout-669513ed wp-block-group-is-layout-constrained\" style=\"margin-top:0;margin-bottom:0;padding-top:var(--wp--preset--spacing--50);padding-right:var(--wp--preset--spacing--50);padding-bottom:var(--wp--preset--spacing--50);padding-left:var(--wp--preset--spacing--50)\">\n<div class=\"wp-block-group is-vertical is-content-justification-center is-layout-flex wp-container-core-group-is-layout-ce155fab wp-block-group-is-layout-flex\">\n<h2 class=\"wp-block-heading has-text-align-center has-accent-color has-text-color has-link-color has-x-large-font-size wp-elements-198905c37382821f53bc2271c7da858b\" style=\"font-style:normal;font-weight:600\">Le scoutisme<\/h2>\n\n\n\n<p class=\"has-text-align-center\">Il n&rsquo;y a pas de groupe scout directement rattach\u00e9 \u00e0 la paroisse. Toutefois, des jeunes de la paroisse sont scouts dans les groupes suivants.<\/p>\n<\/div>\n\n\n\n<div style=\"height:var(--wp--preset--spacing--30)\" aria-hidden=\"true\" class=\"wp-block-spacer\"><\/div>\n\n\n\n<div class=\"wp-block-columns alignwide is-layout-flex wp-container-core-columns-is-layout-4935966c wp-block-columns-is-layout-flex\" style=\"padding-right:0;padding-left:0\">\n<div class=\"wp-block-column is-layout-flow wp-block-column-is-layout-flow\">\n<figure class=\"wp-block-image size-full is-style-rounded is-style-rounded--3\"><a href=\"https:\/\/sgdf.fr\/\"><img loading=\"lazy\" decoding=\"async\" width=\"474\" height=\"516\" src=\"https:\/\/lasuze-catholique.fr\/wp-content\/uploads\/2024\/08\/image.jpeg\" alt=\"\" class=\"wp-image-254\" style=\"aspect-ratio:1;object-fit:cover\" srcset=\"https:\/\/lasuze-catholique.fr\/wp-content\/uploads\/2024\/08\/image.jpeg 474w, https:\/\/lasuze-catholique.fr\/wp-content\/uploads\/2024\/08\/image-276x300.jpeg 276w\" sizes=\"auto, (max-width: 474px) 100vw, 474px\" \/><\/a><\/figure>\n\n\n\n<div class=\"wp-block-group is-vertical is-content-justification-center is-nowrap is-layout-flex wp-container-core-group-is-layout-21d4e958 wp-block-group-is-layout-flex\">\n<p class=\"has-text-align-center has-small-font-size\"><strong>Scouts et Guides de France<\/strong><\/p>\n\n\n\n<p class=\"has-text-align-center has-small-font-size\"><strong>Noyen<\/strong><\/p>\n\n\n\n<p class=\"has-text-align-center has-small-font-size\">Contact: Marie et Dominique BOUCHUT<\/p>\n<\/div>\n<\/div>\n\n\n\n<div class=\"wp-block-column is-layout-flow wp-block-column-is-layout-flow\">\n<figure class=\"wp-block-image size-full is-style-rounded is-style-rounded--4\"><a href=\"https:\/\/www.scouts-unitaires.org\/\"><img loading=\"lazy\" decoding=\"async\" width=\"474\" height=\"474\" src=\"https:\/\/lasuze-catholique.fr\/wp-content\/uploads\/2024\/08\/th-2321101378.jpeg\" alt=\"\" class=\"wp-image-255\" style=\"aspect-ratio:1;object-fit:cover\" srcset=\"https:\/\/lasuze-catholique.fr\/wp-content\/uploads\/2024\/08\/th-2321101378.jpeg 474w, https:\/\/lasuze-catholique.fr\/wp-content\/uploads\/2024\/08\/th-2321101378-300x300.jpeg 300w, https:\/\/lasuze-catholique.fr\/wp-content\/uploads\/2024\/08\/th-2321101378-150x150.jpeg 150w\" sizes=\"auto, (max-width: 474px) 100vw, 474px\" \/><\/a><\/figure>\n\n\n\n<div class=\"wp-block-group is-vertical is-content-justification-center is-nowrap is-layout-flex wp-container-core-group-is-layout-63bfd6c1 wp-block-group-is-layout-flex\">\n<p class=\"has-text-align-center has-small-font-size\"><strong>Scouts Unitaires de France<\/strong><\/p>\n\n\n\n<p class=\"has-text-align-center has-small-font-size\"><strong>Le Mans<\/strong><\/p>\n\n\n\n<p class=\"has-text-align-center has-small-font-size\">Contact: <a href=\"mailto:lemansnotredameduchene@scouts-unitaires.org\">Marie-Liesse et Jacques d\u2019OYSONVILLE<\/a><\/p>\n<\/div>\n<\/div>\n\n\n\n<div class=\"wp-block-column is-layout-flow wp-block-column-is-layout-flow\">\n<figure class=\"wp-block-image size-full is-style-rounded is-style-rounded--5\"><img loading=\"lazy\" decoding=\"async\" width=\"474\" height=\"440\" src=\"https:\/\/lasuze-catholique.fr\/wp-content\/uploads\/2024\/08\/th-143012710.jpeg\" alt=\"\" class=\"wp-image-256\" style=\"aspect-ratio:1;object-fit:cover\" srcset=\"https:\/\/lasuze-catholique.fr\/wp-content\/uploads\/2024\/08\/th-143012710.jpeg 474w, https:\/\/lasuze-catholique.fr\/wp-content\/uploads\/2024\/08\/th-143012710-300x278.jpeg 300w\" sizes=\"auto, (max-width: 474px) 100vw, 474px\" \/><\/figure>\n\n\n\n<div class=\"wp-block-group is-vertical is-content-justification-center is-nowrap is-layout-flex wp-container-core-group-is-layout-63bfd6c1 wp-block-group-is-layout-flex\">\n<p class=\"has-text-align-center has-small-font-size\"><strong>Guides et Scouts d\u2019Europe<\/strong><\/p>\n\n\n\n<p class=\"has-text-align-center has-small-font-size\"><strong>Le Mans<\/strong><\/p>\n\n\n\n<p class=\"has-text-align-center has-small-font-size\">Contact: <\/p>\n<\/div>\n<\/div>\n<\/div>\n<\/div>\n\n\n\n<div class=\"wp-block-group alignfull has-accent-2-background-color has-background has-global-padding is-layout-constrained wp-container-core-group-is-layout-d89aad35 wp-block-group-is-layout-constrained\" style=\"margin-top:0;margin-bottom:0;padding-top:var(--wp--preset--spacing--50);padding-right:var(--wp--preset--spacing--50);padding-bottom:var(--wp--preset--spacing--50);padding-left:var(--wp--preset--spacing--50)\">\n<div class=\"wp-block-columns alignwide are-vertically-aligned-center is-layout-flex wp-container-core-columns-is-layout-47c06fe3 wp-block-columns-is-layout-flex\">\n<div class=\"wp-block-column is-vertically-aligned-center is-layout-flow wp-block-column-is-layout-flow\" style=\"flex-basis:50%\">\n<h2 class=\"wp-block-heading has-accent-color has-text-color has-link-color wp-elements-dc1733ad3dff4d2cac14a3bea2832482\" style=\"font-style:normal;font-weight:600\">Les \u00e9coles catholiques<\/h2>\n\n\n\n<ul style=\"line-height:1.75\" class=\"wp-block-list is-style-checkmark-list\">\n<li><a href=\"https:\/\/sacrecoeurlasuze.wordpress.com\">Ecole Sacr\u00e9-C\u0153ur \u00e0 La Suze<\/a><\/li>\n\n\n\n<li><a href=\"https:\/\/www.facebook.com\/profile.php?id=100063831203295\">Ecole Notre-Dame St Martin \u00e0 Ro\u00ebz\u00e9<\/a><\/li>\n\n\n\n<li><a href=\"https:\/\/www.mairie-fille.org\/les-ecoles#EcoleSaintCharles\">Ecole St Charles \u00e0 Fill\u00e9<\/a><\/li>\n<\/ul>\n<\/div>\n\n\n\n<div class=\"wp-block-column is-vertically-aligned-center is-layout-flow wp-block-column-is-layout-flow\" style=\"flex-basis:50%\">\n<figure class=\"wp-block-image size-full is-style-rounded is-style-rounded--6\"><img loading=\"lazy\" decoding=\"async\" width=\"768\" height=\"576\" src=\"https:\/\/lasuze-catholique.fr\/wp-content\/uploads\/2024\/08\/Objectif-2025-768x576-1.jpg\" alt=\"\" class=\"wp-image-248\" style=\"aspect-ratio:4\/3;object-fit:cover\" srcset=\"https:\/\/lasuze-catholique.fr\/wp-content\/uploads\/2024\/08\/Objectif-2025-768x576-1.jpg 768w, https:\/\/lasuze-catholique.fr\/wp-content\/uploads\/2024\/08\/Objectif-2025-768x576-1-300x225.jpg 300w\" sizes=\"auto, (max-width: 768px) 100vw, 768px\" \/><\/figure>\n<\/div>\n<\/div>\n<\/div>\n\n\n\n<div class=\"wp-block-group alignfull has-accent-2-background-color has-background has-global-padding is-layout-constrained wp-container-core-group-is-layout-669513ed wp-block-group-is-layout-constrained\" style=\"margin-top:0;margin-bottom:0;padding-top:var(--wp--preset--spacing--50);padding-right:var(--wp--preset--spacing--50);padding-bottom:var(--wp--preset--spacing--50);padding-left:var(--wp--preset--spacing--50)\">\n<div class=\"wp-block-columns alignwide is-layout-flex wp-container-core-columns-is-layout-4935966c wp-block-columns-is-layout-flex\" style=\"padding-right:0;padding-left:0\">\n<div class=\"wp-block-column is-layout-flow wp-block-column-is-layout-flow\">\n<figure class=\"wp-block-image size-full is-style-rounded is-style-rounded--7\"><img loading=\"lazy\" decoding=\"async\" width=\"2560\" height=\"1920\" src=\"https:\/\/lasuze-catholique.fr\/wp-content\/uploads\/2024\/09\/IMG_3977-scaled.jpeg\" alt=\"\" class=\"wp-image-368\" style=\"aspect-ratio:1;object-fit:cover\" srcset=\"https:\/\/lasuze-catholique.fr\/wp-content\/uploads\/2024\/09\/IMG_3977-scaled.jpeg 2560w, https:\/\/lasuze-catholique.fr\/wp-content\/uploads\/2024\/09\/IMG_3977-300x225.jpeg 300w, https:\/\/lasuze-catholique.fr\/wp-content\/uploads\/2024\/09\/IMG_3977-1024x768.jpeg 1024w, https:\/\/lasuze-catholique.fr\/wp-content\/uploads\/2024\/09\/IMG_3977-768x576.jpeg 768w, https:\/\/lasuze-catholique.fr\/wp-content\/uploads\/2024\/09\/IMG_3977-1536x1152.jpeg 1536w, https:\/\/lasuze-catholique.fr\/wp-content\/uploads\/2024\/09\/IMG_3977-2048x1536.jpeg 2048w\" sizes=\"auto, (max-width: 2560px) 100vw, 2560px\" \/><\/figure>\n\n\n\n<div class=\"wp-block-group is-vertical is-content-justification-center is-nowrap is-layout-flex wp-container-core-group-is-layout-21d4e958 wp-block-group-is-layout-flex\">\n<p class=\"has-text-align-center has-small-font-size\"><strong>\u00c9cole Sacr\u00e9-Coeur <\/strong><\/p>\n\n\n\n<p class=\"has-text-align-center has-small-font-size\">\u00e0<strong> La Suze<\/strong><\/p>\n<\/div>\n<\/div>\n\n\n\n<div class=\"wp-block-column is-layout-flow wp-block-column-is-layout-flow\">\n<figure class=\"wp-block-image size-full is-style-rounded is-style-rounded--8\"><img loading=\"lazy\" decoding=\"async\" width=\"2560\" height=\"1920\" src=\"https:\/\/lasuze-catholique.fr\/wp-content\/uploads\/2025\/08\/IMG_7296-scaled.jpeg\" alt=\"\" class=\"wp-image-924\" style=\"aspect-ratio:1;object-fit:cover\" srcset=\"https:\/\/lasuze-catholique.fr\/wp-content\/uploads\/2025\/08\/IMG_7296-scaled.jpeg 2560w, https:\/\/lasuze-catholique.fr\/wp-content\/uploads\/2025\/08\/IMG_7296-300x225.jpeg 300w, https:\/\/lasuze-catholique.fr\/wp-content\/uploads\/2025\/08\/IMG_7296-1024x768.jpeg 1024w, https:\/\/lasuze-catholique.fr\/wp-content\/uploads\/2025\/08\/IMG_7296-768x576.jpeg 768w, https:\/\/lasuze-catholique.fr\/wp-content\/uploads\/2025\/08\/IMG_7296-1536x1152.jpeg 1536w, https:\/\/lasuze-catholique.fr\/wp-content\/uploads\/2025\/08\/IMG_7296-2048x1536.jpeg 2048w\" sizes=\"auto, (max-width: 2560px) 100vw, 2560px\" \/><\/figure>\n\n\n\n<div class=\"wp-block-group is-vertical is-content-justification-center is-nowrap is-layout-flex wp-container-core-group-is-layout-63bfd6c1 wp-block-group-is-layout-flex\">\n<p class=\"has-text-align-center has-small-font-size\"><strong>\u00c9cole Notre-Dame St Martin<\/strong><\/p>\n\n\n\n<p class=\"has-text-align-center has-small-font-size\">\u00e0 <strong>Ro\u00ebz\u00e9<\/strong><\/p>\n<\/div>\n<\/div>\n\n\n\n<div class=\"wp-block-column is-layout-flow wp-block-column-is-layout-flow\">\n<figure class=\"wp-block-image size-full is-style-rounded is-style-rounded--9\"><img loading=\"lazy\" decoding=\"async\" width=\"1334\" height=\"750\" src=\"https:\/\/lasuze-catholique.fr\/wp-content\/uploads\/2024\/09\/IMG_3989-rotated.jpeg\" alt=\"\" class=\"wp-image-367\" style=\"aspect-ratio:1;object-fit:cover\" srcset=\"https:\/\/lasuze-catholique.fr\/wp-content\/uploads\/2024\/09\/IMG_3989-rotated.jpeg 1334w, https:\/\/lasuze-catholique.fr\/wp-content\/uploads\/2024\/09\/IMG_3989-300x169.jpeg 300w, https:\/\/lasuze-catholique.fr\/wp-content\/uploads\/2024\/09\/IMG_3989-1024x576.jpeg 1024w, https:\/\/lasuze-catholique.fr\/wp-content\/uploads\/2024\/09\/IMG_3989-768x432.jpeg 768w\" sizes=\"auto, (max-width: 1334px) 100vw, 1334px\" \/><\/figure>\n\n\n\n<div class=\"wp-block-group is-vertical is-content-justification-center is-nowrap is-layout-flex wp-container-core-group-is-layout-63bfd6c1 wp-block-group-is-layout-flex\">\n<p class=\"has-text-align-center has-small-font-size\"><strong>\u00c9cole St Charles<\/strong><\/p>\n\n\n\n<p class=\"has-text-align-center has-small-font-size\">\u00e0 <strong>Fill\u00e9<\/strong><\/p>\n<\/div>\n<\/div>\n<\/div>\n<\/div>\n","protected":false},"excerpt":{"rendered":"<p>L&rsquo;\u00e9veil \u00e0 la foi (3-7 ans) Quelques dimanches dans l&rsquo;ann\u00e9e, les enfants de 3 \u00e0 7 ans sont accueillis d\u00e8s 9h30 par des b\u00e9n\u00e9voles de la paroisse. De mani\u00e8re adapt\u00e9e \u00e0 leur \u00e2ge, les enfants d\u00e9couvrent notamment la vie de J\u00e9sus, la pri\u00e8re, ce qui se passe \u00e0 la messe. Ces temps d&rsquo;\u00e9veil \u00e0 la [&hellip;]<\/p>\n","protected":false},"author":2,"featured_media":0,"parent":0,"menu_order":0,"comment_status":"closed","ping_status":"closed","template":"","meta":{"footnotes":""},"class_list":["post-217","page","type-page","status-publish","hentry"],"_links":{"self":[{"href":"https:\/\/lasuze-catholique.fr\/index.php?rest_route=\/wp\/v2\/pages\/217","targetHints":{"allow":["GET"]}}],"collection":[{"href":"https:\/\/lasuze-catholique.fr\/index.php?rest_route=\/wp\/v2\/pages"}],"about":[{"href":"https:\/\/lasuze-catholique.fr\/index.php?rest_route=\/wp\/v2\/types\/page"}],"author":[{"embeddable":true,"href":"https:\/\/lasuze-catholique.fr\/index.php?rest_route=\/wp\/v2\/users\/2"}],"replies":[{"embeddable":true,"href":"https:\/\/lasuze-catholique.fr\/index.php?rest_route=%2Fwp%2Fv2%2Fcomments&post=217"}],"version-history":[{"count":39,"href":"https:\/\/lasuze-catholique.fr\/index.php?rest_route=\/wp\/v2\/pages\/217\/revisions"}],"predecessor-version":[{"id":1260,"href":"https:\/\/lasuze-catholique.fr\/index.php?rest_route=\/wp\/v2\/pages\/217\/revisions\/1260"}],"wp:attachment":[{"href":"https:\/\/lasuze-catholique.fr\/index.php?rest_route=%2Fwp%2Fv2%2Fmedia&parent=217"}],"curies":[{"name":"wp","href":"https:\/\/api.w.org\/{rel}","templated":true}]}}