{"id":235,"date":"2024-08-12T22:16:13","date_gmt":"2024-08-12T20:16:13","guid":{"rendered":"https:\/\/lasuze-catholique.fr\/?page_id=235"},"modified":"2024-10-27T20:13:54","modified_gmt":"2024-10-27T19:13:54","slug":"la-confirmation-2","status":"publish","type":"page","link":"https:\/\/lasuze-catholique.fr\/?page_id=235","title":{"rendered":"La confirmation"},"content":{"rendered":"\n<hr class=\"wp-block-separator has-alpha-channel-opacity\"\/>\n\n\n\n<div class=\"wp-block-columns alignwide is-layout-flex wp-container-core-columns-is-layout-28f84493 wp-block-columns-is-layout-flex\">\n<div class=\"wp-block-column is-layout-flow wp-block-column-is-layout-flow\" style=\"flex-basis:33.33%\">\n<figure class=\"wp-block-image size-large is-style-rounded is-style-rounded--1\"><img loading=\"lazy\" decoding=\"async\" width=\"1024\" height=\"768\" src=\"https:\/\/lasuze-catholique.fr\/wp-content\/uploads\/2024\/08\/441574663_8547157518632978_7288974948601075396_n-1-1024x768.jpg\" alt=\"\" class=\"wp-image-194\" srcset=\"https:\/\/lasuze-catholique.fr\/wp-content\/uploads\/2024\/08\/441574663_8547157518632978_7288974948601075396_n-1-1024x768.jpg 1024w, https:\/\/lasuze-catholique.fr\/wp-content\/uploads\/2024\/08\/441574663_8547157518632978_7288974948601075396_n-1-300x225.jpg 300w, https:\/\/lasuze-catholique.fr\/wp-content\/uploads\/2024\/08\/441574663_8547157518632978_7288974948601075396_n-1-768x576.jpg 768w, https:\/\/lasuze-catholique.fr\/wp-content\/uploads\/2024\/08\/441574663_8547157518632978_7288974948601075396_n-1-1536x1152.jpg 1536w, https:\/\/lasuze-catholique.fr\/wp-content\/uploads\/2024\/08\/441574663_8547157518632978_7288974948601075396_n-1.jpg 2048w\" sizes=\"auto, (max-width: 1024px) 100vw, 1024px\" \/><\/figure>\n<\/div>\n\n\n\n<div class=\"wp-block-column is-layout-flow wp-block-column-is-layout-flow\" style=\"flex-basis:66.66%\">\n<h4 class=\"wp-block-heading\">Pour \u00eatre pleinement chr\u00e9tien, il faut recevoir le <a href=\"https:\/\/lasuze-catholique.fr\/?page_id=32\" data-type=\"page\" data-id=\"32\">bapt\u00eame<\/a>, <a href=\"https:\/\/lasuze-catholique.fr\/?page_id=262\" data-type=\"page\" data-id=\"262\">l&rsquo;Eucharistie<\/a> et la confirmation.<\/h4>\n\n\n\n<p>Le mot \u00ab\u00a0confirmation\u00a0\u00bb vient du latin <em>firmare<\/em>, qui veut dire fortifier. L&rsquo;Esprit-Saint te fortifie dans la foi. Il t&rsquo;aide \u00e0 reconna\u00eetre Dieu et \u00e0 faire ce qui est bien. Il te donne la capacit\u00e9 d&rsquo;\u00eatre fid\u00e8le \u00e0 ta foi et d&rsquo;en t\u00e9moigner. <\/p>\n\n\n\n<p>L&rsquo;Esprit-Saint veut continuer en toi ce qu&rsquo;il a commenc\u00e9 au bapt\u00eame !<\/p>\n\n\n\n<p>La confirmation se pr\u00e9pare \u00e0 l&rsquo;aum\u00f4nerie pour les adolescents ou en petits groupes pour les adultes. <\/p>\n<\/div>\n<\/div>\n\n\n\n<blockquote class=\"wp-block-quote is-layout-flow wp-block-quote-is-layout-flow\">\n<p><mark style=\"background-color:rgba(0, 0, 0, 0)\" class=\"has-inline-color has-accent-color\"><strong>T\u00e9moignage<\/strong><\/mark><\/p>\n\n\n\n<p>\u201cJe me suis fait confirmer \u00e0 l\u2019\u00e2ge de 32 ans, apr\u00e8s un long cheminement spirituel. J\u2019avais grandi dans une famille catholique, mais je m\u2019\u00e9tais \u00e9loign\u00e9 de la foi durant mes ann\u00e9es d\u2019adolescence et de jeune adulte. Cependant, quelque chose me manquait. En rencontrant des personnes profond\u00e9ment croyantes, j\u2019ai ressenti l\u2019appel de Dieu d\u2019une mani\u00e8re nouvelle.<\/p>\n\n\n\n<p>La confirmation, \u00e0 cet \u00e2ge, a \u00e9t\u00e9 pour moi un acte de r\u00e9conciliation et d\u2019engagement. Recevoir l\u2019Esprit Saint m\u2019a donn\u00e9 une force int\u00e9rieure et une paix que je n\u2019avais jamais connues auparavant. Cela m\u2019a aussi permis de m\u2019impliquer davantage dans la vie de ma paroisse, de servir les autres et de t\u00e9moigner de ma foi avec conviction. <\/p>\n\n\n\n<p>Cette \u00e9tape a v\u00e9ritablement marqu\u00e9 un tournant dans ma vie spirituelle, me permettant de vivre ma foi de mani\u00e8re plus profonde et authentique.\u201d<\/p>\n<\/blockquote>\n","protected":false},"excerpt":{"rendered":"<p>Pour \u00eatre pleinement chr\u00e9tien, il faut recevoir le bapt\u00eame, l&rsquo;Eucharistie et la confirmation. Le mot \u00ab\u00a0confirmation\u00a0\u00bb vient du latin firmare, qui veut dire fortifier. L&rsquo;Esprit-Saint te fortifie dans la foi. Il t&rsquo;aide \u00e0 reconna\u00eetre Dieu et \u00e0 faire ce qui est bien. Il te donne la capacit\u00e9 d&rsquo;\u00eatre fid\u00e8le \u00e0 ta foi et d&rsquo;en t\u00e9moigner. [&hellip;]<\/p>\n","protected":false},"author":2,"featured_media":0,"parent":0,"menu_order":0,"comment_status":"closed","ping_status":"closed","template":"","meta":{"footnotes":""},"class_list":["post-235","page","type-page","status-publish","hentry"],"_links":{"self":[{"href":"https:\/\/lasuze-catholique.fr\/index.php?rest_route=\/wp\/v2\/pages\/235","targetHints":{"allow":["GET"]}}],"collection":[{"href":"https:\/\/lasuze-catholique.fr\/index.php?rest_route=\/wp\/v2\/pages"}],"about":[{"href":"https:\/\/lasuze-catholique.fr\/index.php?rest_route=\/wp\/v2\/types\/page"}],"author":[{"embeddable":true,"href":"https:\/\/lasuze-catholique.fr\/index.php?rest_route=\/wp\/v2\/users\/2"}],"replies":[{"embeddable":true,"href":"https:\/\/lasuze-catholique.fr\/index.php?rest_route=%2Fwp%2Fv2%2Fcomments&post=235"}],"version-history":[{"count":5,"href":"https:\/\/lasuze-catholique.fr\/index.php?rest_route=\/wp\/v2\/pages\/235\/revisions"}],"predecessor-version":[{"id":558,"href":"https:\/\/lasuze-catholique.fr\/index.php?rest_route=\/wp\/v2\/pages\/235\/revisions\/558"}],"wp:attachment":[{"href":"https:\/\/lasuze-catholique.fr\/index.php?rest_route=%2Fwp%2Fv2%2Fmedia&parent=235"}],"curies":[{"name":"wp","href":"https:\/\/api.w.org\/{rel}","templated":true}]}}