{"id":32,"date":"2024-08-06T12:05:03","date_gmt":"2024-08-06T10:05:03","guid":{"rendered":"https:\/\/lasuze-catholique.fr\/?page_id=32"},"modified":"2025-08-25T11:42:28","modified_gmt":"2025-08-25T09:42:28","slug":"sacrements","status":"publish","type":"page","link":"https:\/\/lasuze-catholique.fr\/?page_id=32","title":{"rendered":"Le Bapt\u00eame"},"content":{"rendered":"\n<hr class=\"wp-block-separator has-alpha-channel-opacity\"\/>\n\n\n\n<div class=\"wp-block-columns alignwide is-layout-flex wp-container-core-columns-is-layout-28f84493 wp-block-columns-is-layout-flex\">\n<div class=\"wp-block-column is-layout-flow wp-block-column-is-layout-flow\" style=\"flex-basis:33.33%\">\n<figure class=\"wp-block-image size-large is-style-rounded is-style-rounded--1\"><img loading=\"lazy\" decoding=\"async\" width=\"768\" height=\"1024\" src=\"https:\/\/lasuze-catholique.fr\/wp-content\/uploads\/2025\/08\/5309-768x1024.jpg\" alt=\"\" class=\"wp-image-907\" srcset=\"https:\/\/lasuze-catholique.fr\/wp-content\/uploads\/2025\/08\/5309-768x1024.jpg 768w, https:\/\/lasuze-catholique.fr\/wp-content\/uploads\/2025\/08\/5309-225x300.jpg 225w, https:\/\/lasuze-catholique.fr\/wp-content\/uploads\/2025\/08\/5309-1152x1536.jpg 1152w, https:\/\/lasuze-catholique.fr\/wp-content\/uploads\/2025\/08\/5309.jpg 1200w\" sizes=\"auto, (max-width: 768px) 100vw, 768px\" \/><\/figure>\n<\/div>\n\n\n\n<div class=\"wp-block-column is-layout-flow wp-block-column-is-layout-flow\" style=\"flex-basis:66.66%\">\n<h4 class=\"wp-block-heading has-accent-color has-text-color has-link-color wp-elements-42821cf512048c958754c57b3e8419ba\" style=\"font-style:normal;font-weight:600\">On peut \u00eatre baptis\u00e9 \u00e0 tout \u00e2ge !<\/h4>\n\n\n\n<p>Vous vous posez la question du bapt\u00eame pour vous-m\u00eames ou pour votre enfant, venez nous rencontrer !  <\/p>\n\n\n\n<p>Entrer dans la grande famille des enfants de Dieu, faire l&rsquo;exp\u00e9rience de son amour qui sauve et qui rel\u00e8ve, voil\u00e0 un beau cadeau, une belle gr\u00e2ce offerte \u00e0 tous !<\/p>\n\n\n\n<p>Pour respecter votre libert\u00e9 et bien pr\u00e9parer le bapt\u00eame, le cheminement est diff\u00e9rent suivant l&rsquo;\u00e2ge de la personne demandant le bapt\u00eame.<\/p>\n\n\n\n<p>Pour un b\u00e9b\u00e9 de moins de 3 ans, il y a une rencontre de pr\u00e9paration pour les parents. Elle a lieu un soir de 20h30 \u00e0 22h. L&rsquo;enfant d\u00e9couvrira qui est J\u00e9sus plus tard, avec vous en famille et quand il viendra au cat\u00e9chisme.<\/p>\n\n\n\n<p>Pour les enfants de 3 \u00e0 7 ans, en plus de la r\u00e9union pour les parents, des rencontres d&rsquo;\u00e9veil \u00e0 la foi sont propos\u00e9es aux enfants, certains dimanches de 9h30 \u00e0 10h30.<\/p>\n\n\n\n<p>Apr\u00e8s 7 ans, c\u2019est au cat\u00e9chisme ou \u00e0 l\u2019aum\u00f4nerie que se pr\u00e9parent les sacrements de l\u2019initiation (Bapt\u00eame, <a href=\"https:\/\/lasuze-catholique.fr\/?page_id=235\" data-type=\"page\" data-id=\"235\">Confirmation<\/a> et <a href=\"https:\/\/lasuze-catholique.fr\/?page_id=262\" data-type=\"page\" data-id=\"262\">Eucharistie<\/a>). <\/p>\n\n\n\n<p>Enfin pour les \u00e9tudiants et les adultes, c\u2019est avec une \u00e9quipe de la paroisse que l\u2019on peut pr\u00e9parer son bapt\u00eame sur plusieurs mois. Les bapt\u00eames ont lieu pendant la f\u00eate de P\u00e2ques.<\/p>\n<\/div>\n<\/div>\n\n\n\n<blockquote class=\"wp-block-quote is-layout-flow wp-block-quote-is-layout-flow\">\n<p><mark style=\"background-color:rgba(0, 0, 0, 0)\" class=\"has-inline-color has-accent-color\"><strong>Que se passe-t-il lors de mon bapt\u00eame ?<\/strong><\/mark> (Youcat E 66)<\/p>\n\n\n\n<p>L&rsquo;eau donne la vie. L&rsquo;eau du bapt\u00eame signifie nouvelle naissance, comme chr\u00e9tien. Tu es ressuscit\u00e9 avec le Christ. Tu lui appartiens.<\/p>\n\n\n\n<p>L&rsquo;eau purifie. Par le signe de l&rsquo;eau, Dieu te purifies de la puissance du mal; tu es lib\u00e9r\u00e9 du p\u00e9ch\u00e9 originel.<\/p>\n\n\n\n<p>Tu es d\u00e9sormais sous la protection du P\u00e8re, et du Fils du Saint-Esprit. Tu fais partie de l&rsquo;Eglise.<\/p>\n<\/blockquote>\n\n\n\n<div class=\"wp-block-group alignfull has-accent-2-background-color has-background has-global-padding is-layout-constrained wp-container-core-group-is-layout-d89aad35 wp-block-group-is-layout-constrained\" style=\"margin-top:0;margin-bottom:0;padding-top:var(--wp--preset--spacing--50);padding-right:var(--wp--preset--spacing--50);padding-bottom:var(--wp--preset--spacing--50);padding-left:var(--wp--preset--spacing--50)\">\n<h2 class=\"wp-block-heading alignwide has-accent-color has-text-color has-link-color wp-elements-3c5fa7b1dc6dfec49cdd746e650b9c4c\" style=\"font-size:clamp(4.509rem, 4.509rem + ((1vw - 0.2rem) * 9.152), 10rem);font-style:normal;font-weight:600;letter-spacing:-0.02em\">FAQ<\/h2>\n\n\n\n<div class=\"wp-block-group alignwide has-contrast-color has-text-color is-layout-flow wp-block-group-is-layout-flow\">\n<hr class=\"wp-block-separator has-text-color has-base-color has-alpha-channel-opacity has-base-background-color has-background is-style-wide\" style=\"margin-top:var(--wp--preset--spacing--30);margin-bottom:var(--wp--preset--spacing--30)\"\/>\n\n\n\n<h3 class=\"wp-block-heading alignwide has-accent-color has-text-color has-link-color wp-elements-65cf692960d86aee89463b387575d2f7\" style=\"font-style:normal;font-weight:600\">Comment concr\u00e8tement s&rsquo;inscrire pour un bapt\u00eame d&rsquo;un jeune enfant ?<\/h3>\n\n\n\n<p class=\"has-contrast-1-color has-text-color has-link-color wp-elements-919b102eed23339cf042576f9c8960ac\"><strong>Par t\u00e9l\u00e9phone. <\/strong>Du mardi au samedi, de 10h \u00e0 midi, vous pouvez appeler au presbyt\u00e8re 02 43 77 30 64. Nous vous communiquerons les dates disponibles puis apr\u00e8s avoir not\u00e9 votre mail ou votre t\u00e9l\u00e9phone portable, nous vous enverrons le formulaire en ligne \u00e0 compl\u00e9ter.<\/p>\n\n\n\n<p class=\"has-contrast-1-color has-text-color has-link-color wp-elements-5150f2b0e655f3a4497edc6543ba5f8e\"><strong>En vous d\u00e9pla\u00e7ant<\/strong> au presbyt\u00e8re de La Suze, du mardi au samedi, de 10h \u00e0 midi, (en ao\u00fbt, seulement les mardis et samedis), \u00e0 la Maison Paroissiale de Fill\u00e9 ou de Foulletourte, les samedis de 10h \u00e0 midi. Nous vous enverrons ensuite le formulaire en ligne \u00e0 compl\u00e9ter. <\/p>\n\n\n\n<p class=\"has-contrast-1-color has-text-color has-link-color wp-elements-a73d0b0f1071bfb9064c963edca2baba\"><strong>En ligne.<\/strong> Consultez directement le planning en ligne <a href=\"https:\/\/lasuze-catholique.fr\/?page_id=838\">en cliquant ici<\/a>. Ensuite, vous pouvez compl\u00e9ter le formulaire d&rsquo;inscription <a href=\"https:\/\/public.enoria.app\/pubinsc\/baptemes\/201\/LTI4Njc5NTc4NDM\">en cliquant ici<\/a>. Un mail de confirmation vous sera envoy\u00e9.<\/p>\n\n\n\n<p class=\"has-contrast-1-color has-text-color has-link-color wp-elements-8dc6ab333d4ba74f8b5e7af380bf8e83\">NB: en cas de difficult\u00e9 avec l&rsquo;informatique, une inscription papier demeure possible \u00e0 l&rsquo;une des permanences d&rsquo;accueil. <\/p>\n\n\n\n<p>Pour les enfants de plus de 7 ans, les adolescents et les adultes, nous vous invitons \u00e0 transmettre votre demande de bapt\u00eame \u00e0 la permanence d&rsquo;accueil ou par mail. La personne en charge de la pr\u00e9paration au bapt\u00eame vous rappellera. Chaque ann\u00e9e, plusieurs adultes se pr\u00e9parent au bapt\u00eame et \u00e0 l&rsquo;\u00e9chelle de la France, il y en a toujours davantage chaque ann\u00e9e.<\/p>\n\n\n\n<hr class=\"wp-block-separator has-text-color has-base-color has-alpha-channel-opacity has-base-background-color has-background is-style-wide\" style=\"margin-top:var(--wp--preset--spacing--30);margin-bottom:var(--wp--preset--spacing--30)\"\/>\n\n\n\n<h3 class=\"wp-block-heading alignwide has-accent-color has-text-color has-link-color wp-elements-503d1ea48d8d7d938f038e842d282bee\" style=\"font-style:normal;font-weight:600\">Quels documents dois-je transmettre pour le bapt\u00eame de mon enfant ?<\/h3>\n\n\n\n<ul class=\"wp-block-list\">\n<li>Acte de naissance de l\u2019enfant (par mail ou par d\u00e9p\u00f4t au presbyt\u00e8re)<\/li>\n\n\n\n<li>Date et lieu de bapt\u00eame du parrain<\/li>\n\n\n\n<li>Date et lieu de bapt\u00eame de la marraine<\/li>\n\n\n\n<li>Signature de la fiche d&rsquo;inscription par les deux personnes ayant l\u2019autorit\u00e9 parentale.\n<ul class=\"wp-block-list\">\n<li><span style=\"font-family: var(--wp--preset--font-family--body); font-size: var(--wp--preset--font-size--medium);\">En cas de d\u00e9c\u00e8s de l\u2019un des parents, fournir l\u2019acte de d\u00e9c\u00e8s.<\/span><\/li>\n\n\n\n<li><span style=\"font-family: var(--wp--preset--font-family--body); font-size: var(--wp--preset--font-size--medium);\">En cas de perte de l\u2019autorit\u00e9 parentale par l\u2019un des parents, fournir l\u2019acte du jugement<\/span><\/li>\n<\/ul>\n<\/li>\n<\/ul>\n\n\n\n<p>Si vous habitez en dehors des <a href=\"https:\/\/lasuze-catholique.fr\/?page_id=171\" data-type=\"page\" data-id=\"171\">17 communes<\/a> de nos paroisses&nbsp;:<\/p>\n\n\n\n<ul class=\"wp-block-list\">\n<li><span style=\"font-family: var(--wp--preset--font-family--merriweather); font-size: revert;\">Autorisation de baptiser hors paroisse. Ce document s\u2019obtient aupr\u00e8s de votre paroisse de r\u00e9sidence.<\/span><\/li>\n\n\n\n<li>Justificatif de pr\u00e9paration au bapt\u00eame dans votre paroisse de r\u00e9sidence (sauf si vous faites cette pr\u00e9paration \u00e0 La Suze).<\/li>\n<\/ul>\n\n\n\n<p><\/p>\n\n\n\n<p>Si vous \u00eates mari\u00e9s \u00e0 l\u2019\u00e9glise, votre livret de famille catholique.<\/p>\n\n\n\n<hr class=\"wp-block-separator has-text-color has-base-color has-alpha-channel-opacity has-base-background-color has-background is-style-wide\" style=\"margin-top:var(--wp--preset--spacing--30);margin-bottom:var(--wp--preset--spacing--30)\"\/>\n\n\n\n<h3 class=\"wp-block-heading alignwide has-accent-color has-text-color has-link-color wp-elements-355a9b3f35d6d5dd8c99995bf83a9640\" style=\"font-style:normal;font-weight:600\">Comment se passe la pr\u00e9paration du bapt\u00eame ?<\/h3>\n\n\n\n<p class=\"has-contrast-1-color has-text-color has-link-color wp-elements-052b414de364ed710a52b15276d05858\">Au moment de l&rsquo;inscription au bapt\u00eame de votre enfant, dans le mail de confirmation, une date, habituellement un lundi soir de 20h30 \u00e0 22h, vous sera communiqu\u00e9e pour la pr\u00e9paration du bapt\u00eame de votre enfant. Cette r\u00e9union a lieu au presbyt\u00e8re de La Suze et concerne les parents. Parrains et marraines peuvent vous accompagner, sans que cela soit toutefois obligatoire. La r\u00e9union n&rsquo;est pas pr\u00e9vue pour les enfants.<\/p>\n\n\n\n<p>Si vous n&rsquo;\u00eates pas disponibles ce jour-l\u00e0, merci de nous avertir afin que nous vous proposions une autre date.<\/p>\n\n\n\n<p>Les enfants de 3 \u00e0 7 ans sont invit\u00e9s \u00e0 participer \u00e0 l&rsquo;\u00e9veil \u00e0 la foi. Planning \u00e0 venir.<\/p>\n\n\n\n<hr class=\"wp-block-separator has-text-color has-base-color has-alpha-channel-opacity has-base-background-color has-background is-style-wide\" style=\"margin-top:var(--wp--preset--spacing--30);margin-bottom:var(--wp--preset--spacing--30)\"\/>\n\n\n\n<h3 class=\"wp-block-heading alignwide has-accent-color has-text-color has-link-color wp-elements-9e7dea6e64e7ad8b62637f803dde7ae6\" style=\"font-style:normal;font-weight:600\">Qui peut \u00eatre parrain ou marraine ?<\/h3>\n\n\n\n<p class=\"has-contrast-1-color has-text-color has-link-color wp-elements-dcc0bb91de10c5b99f7031c125a878b0\">Le parrain et\/ou la marraine ont la mission d&rsquo;accompagner le nouveau baptis\u00e9 dans sa foi chr\u00e9tienne. Il faut donc \u00eatre baptis\u00e9 pour \u00eatre parrain ou marraine. De plus, il faut \u00eatre \u00e2g\u00e9 de plus de 16 ans. Les parents ne peuvent pas \u00eatre parrain ou marraine de leur propre enfant.<\/p>\n\n\n\n<hr class=\"wp-block-separator has-text-color has-base-color has-alpha-channel-opacity has-base-background-color has-background is-style-wide\" style=\"margin-top:var(--wp--preset--spacing--30);margin-bottom:var(--wp--preset--spacing--30)\"\/>\n\n\n\n<h3 class=\"wp-block-heading alignwide has-accent-color has-text-color has-link-color wp-elements-1ce50d07dde21dec50592c66aced4349\" style=\"font-style:normal;font-weight:600\">Faut-il avoir un parrain ET une marraine ?<\/h3>\n\n\n\n<p class=\"has-contrast-1-color has-text-color has-link-color wp-elements-67fcf96e0fff5970f9144a6cf56f8f18\">Un seul parrain ou une seule marraine est n\u00e9cessaire pour le bapt\u00eame. Il n&rsquo;est pas pas obligatoire d&rsquo;avoir les deux. Par ailleurs, il n&rsquo;est pas possible d&rsquo;avoir deux parrains ou deux marraines inscrits sur le registre de bapt\u00eame.<\/p>\n\n\n\n<hr class=\"wp-block-separator has-text-color has-base-color has-alpha-channel-opacity has-base-background-color has-background is-style-wide\" style=\"margin-top:var(--wp--preset--spacing--30);margin-bottom:var(--wp--preset--spacing--30)\"\/>\n\n\n\n<h3 class=\"wp-block-heading alignwide has-accent-color has-text-color has-link-color wp-elements-c612cccf0b9cebba9efaa5a357e8b30a\" style=\"font-style:normal;font-weight:600\">J&rsquo;aurais aim\u00e9 une personne non baptis\u00e9e comme parrain ou marraine. Elle compte beaucoup pour mon enfant.<\/h3>\n\n\n\n<p class=\"has-contrast-1-color has-text-color has-link-color wp-elements-f3ef59b3b56331ab7328e39e3d9cecd4\">La personne non baptis\u00e9e choisie pour le bapt\u00eame de votre enfant peut aussi pr\u00e9parer son propre bapt\u00eame, car on peut \u00eatre baptis\u00e9 \u00e0 tout \u00e2ge. Apr\u00e8s avoir avoir \u00e9t\u00e9 baptis\u00e9e, cette personne pourra signer sur le registre de bapt\u00eame de votre enfant comme parrain ou marraine.<\/p>\n\n\n\n<p>Le jour du bapt\u00eame, une personne non baptis\u00e9e peut toutefois \u00eatre admise \u00e0 accompagner l&rsquo;enfant, s&rsquo;il y a au moins un parrain baptis\u00e9 ou une marraine baptis\u00e9e pour l&rsquo;enfant. La signature des registres reste toutefois r\u00e9serv\u00e9e aux personnes baptis\u00e9es.<\/p>\n\n\n\n<hr class=\"wp-block-separator has-text-color has-base-color has-alpha-channel-opacity has-base-background-color has-background is-style-wide\" style=\"margin-top:var(--wp--preset--spacing--30);margin-bottom:var(--wp--preset--spacing--30)\"\/>\n\n\n\n<h3 class=\"wp-block-heading alignwide has-accent-color has-text-color has-link-color wp-elements-054bb77d0e826a1cfae4e2b97984fd48\" style=\"font-style:normal;font-weight:600\">Combien co\u00fbte un bapt\u00eame ?<\/h3>\n\n\n\n<p class=\"has-contrast-1-color has-text-color has-link-color wp-elements-3debc6c5719e4cd0810ca4c073ac64cf\">L&rsquo;amour de Dieu se donne gratuitement. Tout le monde doit pouvoir recevoir les sacrements ind\u00e9pendamment de ses ressources financi\u00e8res. <\/p>\n\n\n\n<p>Pour l&rsquo;entretien des b\u00e2timents appartenant \u00e0 l&rsquo;Eglise et pour assurer une vie digne aux pr\u00eatres, il est toutefois demand\u00e9, \u00e0 l&rsquo;occasion d&rsquo;un bapt\u00eame, une offrande libre \u00e0 partir de 60 euros. Un millionnaire est invit\u00e9 \u00e0 donner plus, un pauvre sera baptis\u00e9 bien entendu sans qu&rsquo;une offrande soit exig\u00e9e. S&rsquo;il y a plusieurs enfants de la m\u00eame famille baptis\u00e9s le m\u00eame jour, les parents augmentent librement le montant de l&rsquo;offrande.<\/p>\n\n\n\n<hr class=\"wp-block-separator has-text-color has-base-color has-alpha-channel-opacity has-base-background-color has-background is-style-wide\" style=\"margin-top:var(--wp--preset--spacing--30);margin-bottom:var(--wp--preset--spacing--30)\"\/>\n\n\n\n<h3 class=\"wp-block-heading alignwide has-accent-color has-text-color has-link-color wp-elements-2ca90a01a83df59975b3b36b0eab67bc\" style=\"font-style:normal;font-weight:600\">Quand et o\u00f9 ont lieu les bapt\u00eames ?<\/h3>\n\n\n\n<p class=\"has-contrast-1-color has-text-color has-link-color wp-elements-c0096acf0c2f9d45ff506e76f9ca1836\">Les bapt\u00eames d&rsquo;adultes ont lieu lors de la vigile pascale (veille de P\u00e2ques), c&rsquo;est-\u00e0-dire \u00e0 La Suze, le samedi 4 avril 2026 \u00e0 21h.<\/p>\n\n\n\n<p>Pour les bapt\u00eames d&rsquo;enfants de moins de 7 ans, veuillez consulter le planning <a href=\"https:\/\/lasuze-catholique.fr\/?page_id=838\">en cliquant ici<\/a>.<\/p>\n\n\n\n<hr class=\"wp-block-separator has-text-color has-base-color has-alpha-channel-opacity has-base-background-color has-background is-style-wide\" style=\"margin-top:var(--wp--preset--spacing--30);margin-bottom:var(--wp--preset--spacing--30)\"\/>\n\n\n\n<h3 class=\"wp-block-heading alignwide has-accent-color has-text-color has-link-color wp-elements-634a080ba259dbddb23a3acbd4be6f12\" style=\"font-style:normal;font-weight:600\">Comment obtenir une copie de son acte de bapt\u00eame ?<\/h3>\n\n\n\n<p class=\"has-contrast-1-color has-text-color has-link-color wp-elements-c40db933fcefdaadd4856a95974b6e19\"><strong>Vous allez devenir parrain ou marraine.<\/strong> Si vous avez \u00e9t\u00e9 baptis\u00e9 dans l&rsquo;une des 17 communes de la paroisse, vous pouvez demander une copie de votre acte de bapt\u00eame par mail ou par t\u00e9l\u00e9phone et venir le chercher ensuite \u00e0 une des permanences d&rsquo;accueil du presbyt\u00e8re. Si vous ne pouvez pas venir chercher votre copie d&rsquo;acte de bapt\u00eame, merci d&rsquo;envoyer votre demande par courrier avec une enveloppe timbr\u00e9e \u00e0 votre adresse, pour que nous puissions vous renvoyer l&rsquo;acte.<\/p>\n\n\n\n<p><strong>Vous allez vous marier.<\/strong> Vous n&rsquo;avez rien \u00e0 faire. C&rsquo;est le pr\u00eatre ou le diacre qui c\u00e9l\u00e8bre votre mariage qui doit faire la demande d&rsquo;acte de bapt\u00eame vous concernant.<\/p>\n\n\n\n<p><strong>Vous effectuez des recherches en g\u00e9n\u00e9alogie ou bien vous avez \u00e9t\u00e9 baptis\u00e9 dans la Sarthe mais ne savez plus dans quelle commune<\/strong>: veuillez vous adresser au service dioc\u00e9sain des actes de catholicit\u00e9 <a href=\"https:\/\/www.sarthecatholique.fr\/actes-de-catholicite-bapteme-mariage-confirmation\/\">en cliquant ici<\/a>.<\/p>\n\n\n\n<div style=\"margin-top:var(--wp--preset--spacing--10);margin-bottom:0;height:var(--wp--preset--spacing--10)\" aria-hidden=\"true\" class=\"wp-block-spacer\"><\/div>\n<\/div>\n<\/div>\n","protected":false},"excerpt":{"rendered":"<p>On peut \u00eatre baptis\u00e9 \u00e0 tout \u00e2ge ! Vous vous posez la question du bapt\u00eame pour vous-m\u00eames ou pour votre enfant, venez nous rencontrer ! Entrer dans la grande famille des enfants de Dieu, faire l&rsquo;exp\u00e9rience de son amour qui sauve et qui rel\u00e8ve, voil\u00e0 un beau cadeau, une belle gr\u00e2ce offerte \u00e0 tous ! [&hellip;]<\/p>\n","protected":false},"author":1,"featured_media":0,"parent":0,"menu_order":0,"comment_status":"closed","ping_status":"closed","template":"","meta":{"footnotes":""},"class_list":["post-32","page","type-page","status-publish","hentry"],"_links":{"self":[{"href":"https:\/\/lasuze-catholique.fr\/index.php?rest_route=\/wp\/v2\/pages\/32","targetHints":{"allow":["GET"]}}],"collection":[{"href":"https:\/\/lasuze-catholique.fr\/index.php?rest_route=\/wp\/v2\/pages"}],"about":[{"href":"https:\/\/lasuze-catholique.fr\/index.php?rest_route=\/wp\/v2\/types\/page"}],"author":[{"embeddable":true,"href":"https:\/\/lasuze-catholique.fr\/index.php?rest_route=\/wp\/v2\/users\/1"}],"replies":[{"embeddable":true,"href":"https:\/\/lasuze-catholique.fr\/index.php?rest_route=%2Fwp%2Fv2%2Fcomments&post=32"}],"version-history":[{"count":45,"href":"https:\/\/lasuze-catholique.fr\/index.php?rest_route=\/wp\/v2\/pages\/32\/revisions"}],"predecessor-version":[{"id":910,"href":"https:\/\/lasuze-catholique.fr\/index.php?rest_route=\/wp\/v2\/pages\/32\/revisions\/910"}],"wp:attachment":[{"href":"https:\/\/lasuze-catholique.fr\/index.php?rest_route=%2Fwp%2Fv2%2Fmedia&parent=32"}],"curies":[{"name":"wp","href":"https:\/\/api.w.org\/{rel}","templated":true}]}}