{"id":838,"date":"2025-08-01T10:26:22","date_gmt":"2025-08-01T08:26:22","guid":{"rendered":"https:\/\/lasuze-catholique.fr\/?page_id=838"},"modified":"2026-04-08T20:02:42","modified_gmt":"2026-04-08T18:02:42","slug":"planning-des-baptemes","status":"publish","type":"page","link":"https:\/\/lasuze-catholique.fr\/?page_id=838","title":{"rendered":"Planning des bapt\u00eames"},"content":{"rendered":"\n<div class=\"wp-block-group alignfull has-accent-2-background-color has-background has-global-padding is-layout-constrained wp-container-core-group-is-layout-669513ed wp-block-group-is-layout-constrained\" style=\"margin-top:0;margin-bottom:0;padding-top:var(--wp--preset--spacing--50);padding-right:var(--wp--preset--spacing--50);padding-bottom:var(--wp--preset--spacing--50);padding-left:var(--wp--preset--spacing--50)\">\n<div class=\"wp-block-columns alignwide is-layout-flex wp-container-core-columns-is-layout-28f84493 wp-block-columns-is-layout-flex\">\n<div class=\"wp-block-column is-layout-flow wp-block-column-is-layout-flow\">\n<p>Vous pouvez consulter ci-dessous les lieux et les horaires disponibles pour les bapt\u00eames d&rsquo;enfants de moins de 7 ans. <\/p>\n\n\n\n<p>Les samedis \u00e0 11h, lorsque le lieu n&rsquo;est pas indiqu\u00e9, il est choisi par la premi\u00e8re famille \u00e0 s&rsquo;inscrire.<\/p>\n\n\n\n<p>Il peut y avoir jusqu&rsquo;\u00e0 4 familles pour une m\u00eame c\u00e9l\u00e9bration de bapt\u00eames. <\/p>\n\n\n\n<p class=\"has-accent-color has-text-color has-link-color wp-elements-a25569e02ebcfee5fd10b0edaa73f370\"><strong>Quand c&rsquo;est complet, le cr\u00e9neau est indiqu\u00e9 en rouge.<\/strong><\/p>\n\n\n\n<p>Le samedi 4 avril 2026 \u00e0 21h, lors de la vigile pascale, les bapt\u00eames sont r\u00e9serv\u00e9s pour les adultes et \u00e9ventuellement les enfants de ces adultes. <\/p>\n\n\n\n<p>Le dimanche 5 avril 2026, jour de P\u00e2ques, les bapt\u00eames ont lieu pendant la messe.<\/p>\n\n\n\n<p>Nous restons bien entendu \u00e0 votre disposition pour toute question compl\u00e9mentaire par mail, par t\u00e9l\u00e9phone et aux permanences d&rsquo;accueil du mardi au samedi de 10h \u00e0 12h \u00e0 La Suze et le samedi de 10h \u00e0 12h \u00e0 Fill\u00e9 et \u00e0 Foulletourte.<\/p>\n\n\n\n<p><\/p>\n<\/div>\n<\/div>\n\n\n\n<figure class=\"wp-block-gallery has-nested-images columns-default is-cropped wp-block-gallery-1 is-layout-flex wp-block-gallery-is-layout-flex\">\n<figure class=\"wp-block-image size-full\"><img loading=\"lazy\" decoding=\"async\" width=\"283\" height=\"508\" data-id=\"1166\" src=\"https:\/\/lasuze-catholique.fr\/wp-content\/uploads\/2026\/01\/Capture-decran-2026-01-18-a-17.55.11.png\" alt=\"\" class=\"wp-image-1166\" srcset=\"https:\/\/lasuze-catholique.fr\/wp-content\/uploads\/2026\/01\/Capture-decran-2026-01-18-a-17.55.11.png 283w, https:\/\/lasuze-catholique.fr\/wp-content\/uploads\/2026\/01\/Capture-decran-2026-01-18-a-17.55.11-167x300.png 167w\" sizes=\"auto, (max-width: 283px) 100vw, 283px\" \/><\/figure>\n<\/figure>\n\n\n\n<figure class=\"wp-block-gallery has-nested-images columns-default is-cropped wp-block-gallery-2 is-layout-flex wp-block-gallery-is-layout-flex\">\n<figure class=\"wp-block-image size-full\"><img loading=\"lazy\" decoding=\"async\" width=\"334\" height=\"421\" data-id=\"1307\" src=\"https:\/\/lasuze-catholique.fr\/wp-content\/uploads\/2026\/02\/Capture-decran-2026-02-20-a-10.09.18.png\" alt=\"\" class=\"wp-image-1307\" srcset=\"https:\/\/lasuze-catholique.fr\/wp-content\/uploads\/2026\/02\/Capture-decran-2026-02-20-a-10.09.18.png 334w, https:\/\/lasuze-catholique.fr\/wp-content\/uploads\/2026\/02\/Capture-decran-2026-02-20-a-10.09.18-238x300.png 238w\" sizes=\"auto, (max-width: 334px) 100vw, 334px\" \/><\/figure>\n<\/figure>\n\n\n\n<figure class=\"wp-block-gallery has-nested-images columns-default is-cropped wp-block-gallery-3 is-layout-flex wp-block-gallery-is-layout-flex\">\n<figure class=\"wp-block-image size-full\"><img loading=\"lazy\" decoding=\"async\" width=\"333\" height=\"423\" data-id=\"1339\" src=\"https:\/\/lasuze-catholique.fr\/wp-content\/uploads\/2026\/03\/Capture-decran-2026-03-13-a-12.17.06.png\" alt=\"\" class=\"wp-image-1339\" srcset=\"https:\/\/lasuze-catholique.fr\/wp-content\/uploads\/2026\/03\/Capture-decran-2026-03-13-a-12.17.06.png 333w, https:\/\/lasuze-catholique.fr\/wp-content\/uploads\/2026\/03\/Capture-decran-2026-03-13-a-12.17.06-236x300.png 236w\" sizes=\"auto, (max-width: 333px) 100vw, 333px\" \/><\/figure>\n<\/figure>\n\n\n\n<figure class=\"wp-block-gallery has-nested-images columns-default is-cropped wp-block-gallery-4 is-layout-flex wp-block-gallery-is-layout-flex\">\n<figure class=\"wp-block-image size-full\"><img loading=\"lazy\" decoding=\"async\" width=\"412\" height=\"674\" data-id=\"948\" src=\"https:\/\/lasuze-catholique.fr\/wp-content\/uploads\/2025\/09\/Capture-decran-2025-09-05-a-09.42.27.png\" alt=\"\" class=\"wp-image-948\" srcset=\"https:\/\/lasuze-catholique.fr\/wp-content\/uploads\/2025\/09\/Capture-decran-2025-09-05-a-09.42.27.png 412w, https:\/\/lasuze-catholique.fr\/wp-content\/uploads\/2025\/09\/Capture-decran-2025-09-05-a-09.42.27-183x300.png 183w\" sizes=\"auto, (max-width: 412px) 100vw, 412px\" \/><\/figure>\n<\/figure>\n\n\n\n<figure class=\"wp-block-gallery has-nested-images columns-default is-cropped wp-block-gallery-5 is-layout-flex wp-block-gallery-is-layout-flex\">\n<figure class=\"wp-block-image size-full\"><img loading=\"lazy\" decoding=\"async\" width=\"334\" height=\"422\" data-id=\"1292\" src=\"https:\/\/lasuze-catholique.fr\/wp-content\/uploads\/2026\/02\/Capture-decran-2026-02-12-a-13.05.21.png\" alt=\"\" class=\"wp-image-1292\" srcset=\"https:\/\/lasuze-catholique.fr\/wp-content\/uploads\/2026\/02\/Capture-decran-2026-02-12-a-13.05.21.png 334w, https:\/\/lasuze-catholique.fr\/wp-content\/uploads\/2026\/02\/Capture-decran-2026-02-12-a-13.05.21-237x300.png 237w\" sizes=\"auto, (max-width: 334px) 100vw, 334px\" \/><\/figure>\n<\/figure>\n<\/div>\n","protected":false},"excerpt":{"rendered":"<p>Vous pouvez consulter ci-dessous les lieux et les horaires disponibles pour les bapt\u00eames d&rsquo;enfants de moins de 7 ans. Les samedis \u00e0 11h, lorsque le lieu n&rsquo;est pas indiqu\u00e9, il est choisi par la premi\u00e8re famille \u00e0 s&rsquo;inscrire. Il peut y avoir jusqu&rsquo;\u00e0 4 familles pour une m\u00eame c\u00e9l\u00e9bration de bapt\u00eames. Quand c&rsquo;est complet, le [&hellip;]<\/p>\n","protected":false},"author":2,"featured_media":0,"parent":0,"menu_order":0,"comment_status":"closed","ping_status":"closed","template":"","meta":{"footnotes":""},"class_list":["post-838","page","type-page","status-publish","hentry"],"_links":{"self":[{"href":"https:\/\/lasuze-catholique.fr\/index.php?rest_route=\/wp\/v2\/pages\/838","targetHints":{"allow":["GET"]}}],"collection":[{"href":"https:\/\/lasuze-catholique.fr\/index.php?rest_route=\/wp\/v2\/pages"}],"about":[{"href":"https:\/\/lasuze-catholique.fr\/index.php?rest_route=\/wp\/v2\/types\/page"}],"author":[{"embeddable":true,"href":"https:\/\/lasuze-catholique.fr\/index.php?rest_route=\/wp\/v2\/users\/2"}],"replies":[{"embeddable":true,"href":"https:\/\/lasuze-catholique.fr\/index.php?rest_route=%2Fwp%2Fv2%2Fcomments&post=838"}],"version-history":[{"count":44,"href":"https:\/\/lasuze-catholique.fr\/index.php?rest_route=\/wp\/v2\/pages\/838\/revisions"}],"predecessor-version":[{"id":1352,"href":"https:\/\/lasuze-catholique.fr\/index.php?rest_route=\/wp\/v2\/pages\/838\/revisions\/1352"}],"wp:attachment":[{"href":"https:\/\/lasuze-catholique.fr\/index.php?rest_route=%2Fwp%2Fv2%2Fmedia&parent=838"}],"curies":[{"name":"wp","href":"https:\/\/api.w.org\/{rel}","templated":true}]}}